{"id":1317,"date":"2022-12-14T08:19:44","date_gmt":"2022-12-14T07:19:44","guid":{"rendered":"https:\/\/autocaresserrano.es\/legal-notice\/"},"modified":"2024-05-07T15:32:45","modified_gmt":"2024-05-07T14:32:45","slug":"legal-notice","status":"publish","type":"page","link":"https:\/\/autocaresserrano.es\/ca\/legal-notice\/","title":{"rendered":"Av\u00eds legal"},"content":{"rendered":"\t\t<div data-elementor-type=\"wp-page\" data-elementor-id=\"1317\" class=\"elementor elementor-1317 elementor-1142\" data-elementor-post-type=\"page\">\n\t\t\t\t\t\t<section class=\"elementor-section elementor-top-section elementor-element elementor-element-5d7d8c46 elementor-section-boxed elementor-section-height-default elementor-section-height-default\" data-id=\"5d7d8c46\" data-element_type=\"section\" data-e-type=\"section\">\n\t\t\t\t\t\t<div class=\"elementor-container elementor-column-gap-default\">\n\t\t\t\t\t<div class=\"elementor-column elementor-col-100 elementor-top-column elementor-element elementor-element-477f8ccf\" data-id=\"477f8ccf\" data-element_type=\"column\" data-e-type=\"column\">\n\t\t\t<div class=\"elementor-widget-wrap elementor-element-populated\">\n\t\t\t\t\t\t<div class=\"elementor-element elementor-element-272cec5d elementor-widget elementor-widget-text-editor\" data-id=\"272cec5d\" data-element_type=\"widget\" data-e-type=\"widget\" data-widget_type=\"text-editor.default\">\n\t\t\t\t<div class=\"elementor-widget-container\">\n\t\t\t\t\t\t\t\t\t\n<ol type=\"1\">\n<li><strong>OBJECTE I ACCEPTACI\u00d3<\/strong><\/li>\n<\/ol>\n\n\n\n<p>Aquest av\u00eds legal regula l&#8217;\u00fas del lloc web &nbsp;(d&#8217;ara endavant, LA WEB), del qual \u00e9s titular AUTOCARS SERRANO CELIMENDIZ S.L.U (d&#8217;ara endavant, EL PROPIETARI DEL WEB).<\/p>\n\n\n\n<p>La navegaci\u00f3 pel lloc web d&#8217;EL PROPIETARI DE LA WEB atribueix la condici\u00f3 d&#8217;usuari i implica l&#8217;acceptaci\u00f3 plena i sense reserves de totes i cadascuna de les disposicions incloses en aquest Av\u00eds Legal, que poden patir modificacions.<\/p>\n\n\n\n<p>L&#8217;usuari s&#8217;obliga a fer un \u00fas correcte del lloc web de conformitat amb les lleis, la bona fe, l&#8217;ordre p\u00fablic, els usos del tr\u00e0nsit i aquest Av\u00eds Legal. L&#8217;usuari respondr\u00e0 davant del PROPIETARI DE LA WEB o davant de tercers, de qualssevol danys i perjudicis que es puguin causar com a conseq\u00fc\u00e8ncia de l&#8217;incompliment de la dita obligaci\u00f3.<\/p>\n\n\n\n<ul>\n<li><strong>IDENTIFICACI\u00d3 I COMUNICACIONS<\/strong><\/li>\n<\/ul>\n\n\n\n<p>EL PROPIETARI DE LA WEB, en compliment de la Llei 34\/2002, d&#8217;11 de juliol, de serveis de la societat de la informaci\u00f3 i de comer\u00e7 electr\u00f2nic, us informa que:<\/p>\n\n\n\n<ul>\n<li>La seva denominaci\u00f3 social \u00e9s: AUTOCARS SERRANO CELIMENDIZ S.L.U<\/li>\n\n\n\n<li>CIF\/NIF\/NIE es: B53012332<\/li>\n\n\n\n<li>El seu domicili social \u00e9s a:&nbsp;POL\u00cdGON INDUSTRIAL CAN BALTASAR S\/N 08389 PALAFOLLS (BARCELONA).<\/li>\n\n\n\n<li>Inscrita al Registre Mercantil de BARCELONA, Tom 42.822, Foli 111, Full B-414349.<strong><\/strong><\/li>\n\n\n\n<li><strong>COMUNICACIONS<\/strong><\/li>\n<\/ul>\n\n\n\n<p>Totes les notificacions i comunicacions entre els usuaris i EL PROPIETARI DE LA WEB es consideraran eficaces, amb car\u00e0cter general, quan es realitzin a trav\u00e9s de correu postal o qualsevol altre mitj\u00e0 dels detallats a continuaci\u00f3:<\/p>\n\n\n\n<ul>\n<li>Telf.: 937652136<\/li>\n\n\n\n<li>Email: info@autocaresserrano.es<\/li>\n<\/ul>\n\n\n\n<ul>\n<li><strong>CONDICIONS D&#8217;ACC\u00c9S I UTILITZACI\u00d3<\/strong><\/li>\n<\/ul>\n\n\n\n<p>El lloc web i els seus serveis s\u00f3n d&#8217;acc\u00e9s lliure i gratu\u00eft, no obstant, EL PROPIETARI DEL WEB condiciona la utilitzaci\u00f3 d&#8217;alguns dels serveis oferts a la seva web a l&#8217;emplenament previ del corresponent formulari.<\/p>\n\n\n\n<p>L&#8217;usuari garanteix l&#8217;autenticitat i l&#8217;actualitat de totes aquelles dades que comuniqui al PROPIETARI DEL WEB i ser\u00e0 l&#8217;\u00fanic responsable de les manifestacions falses o inexactes que faci.<\/p>\n\n\n\n<p>L&#8217;usuari es compromet expressament a fer un \u00fas adequat dels continguts i serveis del PROPIETARI DE LA WEB ia no emprar-los per, entre d&#8217;altres:<\/p>\n\n\n\n<p>a) Difondre continguts delictius, violents, pornogr\u00e0fics, racistes, xen\u00f2fob, ofensius, d&#8217;apologia del terrorisme o, en general, contraris a la llei o ordre p\u00fablic.<\/p>\n\n\n\n<p>b) Introduir a la xarxa virus inform\u00e0tics o realitzar actuacions susceptibles d&#8217;alterar, fer malb\u00e9, interrompre o generar errors o danys en els documents electr\u00f2nics, dades o sistemes f\u00edsics i l\u00f2gics del PROPIETARI DEL WEB o de terceres persones; aix\u00ed com obstaculitzar lacc\u00e9s daltres usuaris al lloc web i als seus serveis mitjan\u00e7ant el consum massiu dels recursos inform\u00e0tics a trav\u00e9s dels quals EL PROPIETARI DE LA WEB presta els seus serveis.<\/p>\n\n\n\n<p>c) Intentar accedir als comptes de correu electr\u00f2nic d&#8217;altres usuaris oa \u00e0rees restringides dels sistemes inform\u00e0tics del PROPIETARI DE LA WEB o de tercers i, si escau, extreure&#8217;n informaci\u00f3.<\/p>\n\n\n\n<p>d) Vulnerar els drets de propietat intel\u00b7lectual o industrial, aix\u00ed com violar la confidencialitat de la informaci\u00f3 del PROPIETARI DE LA WEB o de tercers.<\/p>\n\n\n\n<p>e) Suplantar la identitat d&#8217;un altre usuari, de les administracions p\u00fabliques o d&#8217;un tercer.<\/p>\n\n\n\n<p>f) Reproduir, copiar, distribuir, posar a disposici\u00f3 de, o qualsevol altra forma de comunicaci\u00f3 p\u00fablica, transformar o modificar els continguts, llevat que es compti amb l&#8217;autoritzaci\u00f3 del titular dels drets corresponents o aix\u00f2 resulti legalment perm\u00e8s.<\/p>\n\n\n\n<p>g) Demanar dades amb finalitat publicit\u00e0ria i remetre publicitat de qualsevol classe i comunicacions amb fins de venda o altres de naturalesa comercial sense que intervingui la seva pr\u00e8via sol\u00b7licitud o consentiment.<\/p>\n\n\n\n<ul>\n<li><strong>PROPIETAT INTEL\u00b7LECTUAL I INDUSTRIAL<\/strong><\/li>\n<\/ul>\n\n\n\n<p>Tots els continguts del lloc web, com ara textos, fotografies, gr\u00e0fics, imatges, icones, tecnologia, programari, aix\u00ed com el seu disseny gr\u00e0fic i codis font, constitueixen una obra la propietat de la qual pertany a EL PROPIETARI DE LA WEB, sense que es puguin entendre cedits al usuari cap dels drets dexplotaci\u00f3 sobre els mateixos m\u00e9s enll\u00e0 del estrictament necessari per al correcte \u00fas de la web.<\/p>\n\n\n\n<p>En definitiva, els usuaris que accedeixin a aquest lloc web poden visualitzar els continguts i efectuar, si escau, c\u00f2pies privades autoritzades sempre que els elements reprodu\u00efts no siguin cedits posteriorment a tercers, ni s&#8217;instal\u00b7lin a servidors connectats a xarxes, ni siguin objecte de cap mena d&#8217;explotaci\u00f3.<\/p>\n\n\n\n<p>Aix\u00ed mateix, totes les marques, noms comercials o signes distintius de qualsevol classe que apareixen al lloc web s\u00f3n propietat del PROPIETARI DE LA WEB, sense que es pugui entendre que l&#8217;\u00fas o acc\u00e9s a aquest atribueixi a l&#8217;usuari cap dret sobre aquests.<\/p>\n\n\n\n<p>La distribuci\u00f3, modificaci\u00f3, cessi\u00f3 o comunicaci\u00f3 p\u00fablica dels continguts i qualsevol altre acte que no hagi estat expressament autoritzat pel titular dels drets dexplotaci\u00f3 queden prohibits.<\/p>\n\n\n\n<ul>\n<li><strong>HIPERENLLA\u00c7OS<\/strong><\/li>\n<\/ul>\n\n\n\n<p>L&#8217;establiment d&#8217;un hiperenlla\u00e7 no implica en cap cas l&#8217;exist\u00e8ncia de relacions entre EL PROPIETARI DE LA WEB i el propietari del lloc web on s&#8217;estableixi, ni l&#8217;acceptaci\u00f3 i aprovaci\u00f3 per part del PROPIETARI DE LA WEB dels seus continguts o serveis . Aquelles persones que es proposin establir un hiperenlla\u00e7 pr\u00e8viament hauran de sol\u00b7licitar autoritzaci\u00f3 per escrit al PROPIETARI DE LA WEB. En tot cas, l&#8217;hiperenlla\u00e7 \u00fanicament permetr\u00e0 l&#8217;acc\u00e9s a la p\u00e0gina web o p\u00e0gina d&#8217;inici del nostre lloc web, aix\u00ed mateix s&#8217;haur\u00e0 d&#8217;abstenir de fer manifestacions o indicacions falses, inexactes o incorrectes sobre EL PROPIETARI DE LA WEB, o incloure continguts il\u00b7l\u00edcits, contraris als bons costums ia l&#8217;ordre p\u00fablic.<\/p>\n\n\n\n<p>EL PROPIETARI DE LA WEB no es responsabilitza de l&#8217;\u00fas que cada usuari doni als materials posats a disposici\u00f3 en aquest lloc web ni de les actuacions que realitzi sobre la base d&#8217;aquests.<\/p>\n\n\n\n<p>Als hiperenlla\u00e7os cap a altres llocs, com tamb\u00e9 \u00e9s el cas de xarxes socials, EL PROPIETARI DE LA WEB no exercir\u00e0 cap control sobre aquests llocs i continguts, no assumir\u00e0 cap responsabilitat pels continguts d&#8217;algun enlla\u00e7 pertanyent a altres webs alienes ni garantir\u00e0 la disponibilitat t\u00e8cnica, qualitat, fiabilitat, exactitud, amplitud, veracitat i validesa de qualsevol material o informaci\u00f3 continguda en cap d&#8217;aquests hipervincles o altres llocs d&#8217;Internet.<\/p>\n\n\n\n<ul>\n<li><strong>EXCLUSI\u00d3 DE GARANTIES I DE RESPONSABILITAT<\/strong><\/li>\n<\/ul>\n\n\n\n<p>El contingut del present lloc web \u00e9s de car\u00e0cter general i t\u00e9 una finalitat merament informativa, sense que se&#8217;n garanteixi plenament l&#8217;acc\u00e9s a tots els continguts, ni la seva exhaustivitat, correcci\u00f3, vig\u00e8ncia o actualitat, ni la seva idone\u00eftat o utilitat per a un objectiu espec\u00edfic.<\/p>\n\n\n\n<p>EL PROPIETARI DEL WEB exclou, fins on permet l&#8217;ordenament jur\u00eddic, qualsevol responsabilitat pels danys i perjudicis de tota naturalesa derivats de:<\/p>\n\n\n\n<p>a) La impossibilitat d&#8217;acc\u00e9s al lloc web o la manca de veracitat, exactitud, exhaustivitat i\/o actualitat dels continguts, aix\u00ed com l&#8217;exist\u00e8ncia de vicis i defectes de tota mena dels continguts transmesos, difosos, emmagatzemats, posats a disposici\u00f3, als que s&#8217;hagi accedit a trav\u00e9s del lloc web o dels serveis que s&#8217;hi ofereixen.<\/p>\n\n\n\n<p>b) La pres\u00e8ncia de virus o d&#8217;altres elements en els continguts que puguin produir alteracions als sistemes inform\u00e0tics, documents electr\u00f2nics o dades dels usuaris.<\/p>\n\n\n\n<p>c) L&#8217;incompliment de les lleis, la bona fe, l&#8217;ordre p\u00fablic, els usos del tr\u00e0nsit i aquest av\u00eds legal com a conseq\u00fc\u00e8ncia de l&#8217;\u00fas incorrecte del lloc web. En particular, i de manera exemplificativa, EL PROPIETARI DE LA WEB no es fa responsable de les actuacions de tercers que vulnerin drets de propietat intel\u00b7lectual i industrial, secrets empresarials, drets a l&#8217;honor, a la intimitat personal i familiar ia la pr\u00f2pia imatge, aix\u00ed com la normativa en mat\u00e8ria de compet\u00e8ncia deslleial i publicitat il\u00b7l\u00edcita.<\/p>\n\n\n\n<p>Aix\u00ed mateix, EL PROPIETARI DE LA WEB declina qualsevol responsabilitat respecte a la informaci\u00f3 que estigui fora d&#8217;aquesta web i no sigui gestionada directament pel nostre webmaster. La funci\u00f3 dels links que apareixen en aquesta web \u00e9s exclusivament informar l&#8217;usuari sobre l&#8217;exist\u00e8ncia d&#8217;altres fonts susceptibles d&#8217;ampliar els continguts que ofereix aquest lloc web. EL PROPIETARI DE LA WEB no garanteix ni es responsabilitza del funcionament o accessibilitat dels llocs enlla\u00e7ats; ni suggereix, convida o recomana la visita a aquests, per la qual cosa tampoc ser\u00e0 responsable del resultat obtingut. EL PROPIETARI DE LA WEB no es responsabilitza de l&#8217;establiment d&#8217;hipervincles per part de tercers.<\/p>\n\n\n\n<ul>\n<li><strong>PROCEDIMENT EN CAS DE REALITZACI\u00d3 D&#8217;ACTIVITATS DE CAR\u00c0CTER IL\u00b7L\u00cdCIT<\/strong><\/li>\n<\/ul>\n\n\n\n<p>Si EL PROPIETARI DE LA WEB tingu\u00e9s coneixement de l&#8217;\u00fas dels serveis de la web per a activitats lesives de drets o que constitueixin actes il\u00b7l\u00edcits, prendr\u00e0 les mesures necess\u00e0ries per a la repressi\u00f3 i l&#8217;eliminaci\u00f3 d&#8217;aquestes activitats, reservant-se el dret d&#8217;iniciar accions legals.<\/p>\n\n\n\n<p>En el cas que qualsevol usuari o un tercer consideri que hi ha fets o circumst\u00e0ncies que revelin el car\u00e0cter il\u00b7l\u00edcit de la utilitzaci\u00f3 de qualsevol contingut i\/o de la realitzaci\u00f3 de qualsevol activitat a les p\u00e0gines web incloses o accessibles a trav\u00e9s del lloc web, haur\u00e0 de enviar una notificaci\u00f3 al PROPIETARI DEL WEB identificant-se degudament, especificant les suposades infraccions.<\/p>\n\n\n\n<ul>\n<li><strong>PUBLICACIONS<\/strong><\/li>\n<\/ul>\n\n\n\n<p>La informaci\u00f3 administrativa facilitada a trav\u00e9s del lloc web no substitueix la publicitat legal de les lleis, normatives, plans, disposicions generals i actes que hagin de ser publicats formalment als diaris oficials de les administracions p\u00fabliques, que constitueixen l\u00fanic instrument que d\u00f3na fe de la seva autenticitat i contingut. La informaci\u00f3 disponible en aquest lloc web ha d&#8217;entendre&#8217;s com una guia sense prop\u00f2sit de validesa legal.<\/p>\n\n\n\n<ol type=\"1\">\n<li><strong>LEGISLACI\u00d3 I JURISDICCI\u00d3 APLICABLE<\/strong><\/li>\n<\/ol>\n\n\n\n<p>Aquest Av\u00eds Legal es regeix per la llei espanyola. Les parts acorden sotmetre&#8217;s a la jurisdicci\u00f3 dels jutjats i els tribunals que els corresponguin en funci\u00f3 de la legislaci\u00f3 processal aplicable.<\/p>\n\t\t\t\t\t\t\t\t<\/div>\n\t\t\t\t<\/div>\n\t\t\t\t\t<\/div>\n\t\t<\/div>\n\t\t\t\t\t<\/div>\n\t\t<\/section>\n\t\t\t\t<\/div>\n\t\t","protected":false},"excerpt":{"rendered":"<p>OBJECTE I ACCEPTACI\u00d3 Aquest av\u00eds legal regula l&#8217;\u00fas del lloc web &nbsp;(d&#8217;ara endavant, LA WEB), del qual \u00e9s titular AUTOCARS SERRANO CELIMENDIZ S.L.U (d&#8217;ara endavant, EL PROPIETARI DEL WEB). La navegaci\u00f3 pel lloc web d&#8217;EL PROPIETARI DE LA WEB atribueix la condici\u00f3 d&#8217;usuari i implica l&#8217;acceptaci\u00f3 plena i sense reserves de totes i cadascuna de [&hellip;]<\/p>\n","protected":false},"author":2,"featured_media":0,"parent":0,"menu_order":0,"comment_status":"closed","ping_status":"closed","template":"","meta":{"footnotes":""},"class_list":["post-1317","page","type-page","status-publish","hentry"],"yoast_head":"<!-- This site is optimized with the Yoast SEO plugin v25.2 - https:\/\/yoast.com\/wordpress\/plugins\/seo\/ -->\n<title>Av\u00eds legal | Autocares Serrano<\/title>\n<meta name=\"robots\" content=\"noindex, nofollow\" \/>\n<meta property=\"og:locale\" content=\"ca_ES\" \/>\n<meta property=\"og:type\" content=\"article\" \/>\n<meta property=\"og:title\" content=\"Av\u00eds legal | Autocares Serrano\" \/>\n<meta property=\"og:description\" content=\"OBJECTE I ACCEPTACI\u00d3 Aquest av\u00eds legal regula l&#8217;\u00fas del lloc web &nbsp;(d&#8217;ara endavant, LA WEB), del qual \u00e9s titular AUTOCARS SERRANO CELIMENDIZ S.L.U (d&#8217;ara endavant, EL PROPIETARI DEL WEB). La navegaci\u00f3 pel lloc web d&#8217;EL PROPIETARI DE LA WEB atribueix la condici\u00f3 d&#8217;usuari i implica l&#8217;acceptaci\u00f3 plena i sense reserves de totes i cadascuna de [&hellip;]\" \/>\n<meta property=\"og:url\" content=\"https:\/\/autocaresserrano.es\/ca\/legal-notice\/\" \/>\n<meta property=\"og:site_name\" content=\"Autocares Serrano\" \/>\n<meta property=\"article:modified_time\" content=\"2024-05-07T14:32:45+00:00\" \/>\n<meta name=\"twitter:card\" content=\"summary_large_image\" \/>\n<meta name=\"twitter:label1\" content=\"Temps estimat de lectura\" \/>\n\t<meta name=\"twitter:data1\" content=\"8 minuts\" \/>\n<script type=\"application\/ld+json\" class=\"yoast-schema-graph\">{\"@context\":\"https:\/\/schema.org\",\"@graph\":[{\"@type\":\"WebPage\",\"@id\":\"https:\/\/autocaresserrano.es\/ca\/legal-notice\/\",\"url\":\"https:\/\/autocaresserrano.es\/ca\/legal-notice\/\",\"name\":\"Av\u00eds legal | Autocares Serrano\",\"isPartOf\":{\"@id\":\"https:\/\/autocaresserrano.es\/ca\/#website\"},\"datePublished\":\"2022-12-14T07:19:44+00:00\",\"dateModified\":\"2024-05-07T14:32:45+00:00\",\"breadcrumb\":{\"@id\":\"https:\/\/autocaresserrano.es\/ca\/legal-notice\/#breadcrumb\"},\"inLanguage\":\"ca\",\"potentialAction\":[{\"@type\":\"ReadAction\",\"target\":[\"https:\/\/autocaresserrano.es\/ca\/legal-notice\/\"]}]},{\"@type\":\"BreadcrumbList\",\"@id\":\"https:\/\/autocaresserrano.es\/ca\/legal-notice\/#breadcrumb\",\"itemListElement\":[{\"@type\":\"ListItem\",\"position\":1,\"name\":\"Portada\",\"item\":\"https:\/\/autocaresserrano.es\/ca\/inici\/\"},{\"@type\":\"ListItem\",\"position\":2,\"name\":\"Av\u00eds legal\"}]},{\"@type\":\"WebSite\",\"@id\":\"https:\/\/autocaresserrano.es\/ca\/#website\",\"url\":\"https:\/\/autocaresserrano.es\/ca\/\",\"name\":\"Autocares Serrano\",\"description\":\"Otro sitio realizado con WordPress\",\"publisher\":{\"@id\":\"https:\/\/autocaresserrano.es\/ca\/#organization\"},\"potentialAction\":[{\"@type\":\"SearchAction\",\"target\":{\"@type\":\"EntryPoint\",\"urlTemplate\":\"https:\/\/autocaresserrano.es\/ca\/?s={search_term_string}\"},\"query-input\":{\"@type\":\"PropertyValueSpecification\",\"valueRequired\":true,\"valueName\":\"search_term_string\"}}],\"inLanguage\":\"ca\"},{\"@type\":\"Organization\",\"@id\":\"https:\/\/autocaresserrano.es\/ca\/#organization\",\"name\":\"Autocares Serrano\",\"url\":\"https:\/\/autocaresserrano.es\/ca\/\",\"logo\":{\"@type\":\"ImageObject\",\"inLanguage\":\"ca\",\"@id\":\"https:\/\/autocaresserrano.es\/ca\/#\/schema\/logo\/image\/\",\"url\":\"http:\/\/autocares.iditalweb.com\/wp-content\/uploads\/2022\/08\/autocares-serrano-logo.png\",\"contentUrl\":\"http:\/\/autocares.iditalweb.com\/wp-content\/uploads\/2022\/08\/autocares-serrano-logo.png\",\"width\":500,\"height\":345,\"caption\":\"Autocares Serrano\"},\"image\":{\"@id\":\"https:\/\/autocaresserrano.es\/ca\/#\/schema\/logo\/image\/\"}}]}<\/script>\n<!-- \/ Yoast SEO plugin. -->","yoast_head_json":{"title":"Av\u00eds legal | Autocares Serrano","robots":{"index":"noindex","follow":"nofollow"},"og_locale":"ca_ES","og_type":"article","og_title":"Av\u00eds legal | Autocares Serrano","og_description":"OBJECTE I ACCEPTACI\u00d3 Aquest av\u00eds legal regula l&#8217;\u00fas del lloc web &nbsp;(d&#8217;ara endavant, LA WEB), del qual \u00e9s titular AUTOCARS SERRANO CELIMENDIZ S.L.U (d&#8217;ara endavant, EL PROPIETARI DEL WEB). La navegaci\u00f3 pel lloc web d&#8217;EL PROPIETARI DE LA WEB atribueix la condici\u00f3 d&#8217;usuari i implica l&#8217;acceptaci\u00f3 plena i sense reserves de totes i cadascuna de [&hellip;]","og_url":"https:\/\/autocaresserrano.es\/ca\/legal-notice\/","og_site_name":"Autocares Serrano","article_modified_time":"2024-05-07T14:32:45+00:00","twitter_card":"summary_large_image","twitter_misc":{"Temps estimat de lectura":"8 minuts"},"schema":{"@context":"https:\/\/schema.org","@graph":[{"@type":"WebPage","@id":"https:\/\/autocaresserrano.es\/ca\/legal-notice\/","url":"https:\/\/autocaresserrano.es\/ca\/legal-notice\/","name":"Av\u00eds legal | Autocares Serrano","isPartOf":{"@id":"https:\/\/autocaresserrano.es\/ca\/#website"},"datePublished":"2022-12-14T07:19:44+00:00","dateModified":"2024-05-07T14:32:45+00:00","breadcrumb":{"@id":"https:\/\/autocaresserrano.es\/ca\/legal-notice\/#breadcrumb"},"inLanguage":"ca","potentialAction":[{"@type":"ReadAction","target":["https:\/\/autocaresserrano.es\/ca\/legal-notice\/"]}]},{"@type":"BreadcrumbList","@id":"https:\/\/autocaresserrano.es\/ca\/legal-notice\/#breadcrumb","itemListElement":[{"@type":"ListItem","position":1,"name":"Portada","item":"https:\/\/autocaresserrano.es\/ca\/inici\/"},{"@type":"ListItem","position":2,"name":"Av\u00eds legal"}]},{"@type":"WebSite","@id":"https:\/\/autocaresserrano.es\/ca\/#website","url":"https:\/\/autocaresserrano.es\/ca\/","name":"Autocares Serrano","description":"Otro sitio realizado con WordPress","publisher":{"@id":"https:\/\/autocaresserrano.es\/ca\/#organization"},"potentialAction":[{"@type":"SearchAction","target":{"@type":"EntryPoint","urlTemplate":"https:\/\/autocaresserrano.es\/ca\/?s={search_term_string}"},"query-input":{"@type":"PropertyValueSpecification","valueRequired":true,"valueName":"search_term_string"}}],"inLanguage":"ca"},{"@type":"Organization","@id":"https:\/\/autocaresserrano.es\/ca\/#organization","name":"Autocares Serrano","url":"https:\/\/autocaresserrano.es\/ca\/","logo":{"@type":"ImageObject","inLanguage":"ca","@id":"https:\/\/autocaresserrano.es\/ca\/#\/schema\/logo\/image\/","url":"http:\/\/autocares.iditalweb.com\/wp-content\/uploads\/2022\/08\/autocares-serrano-logo.png","contentUrl":"http:\/\/autocares.iditalweb.com\/wp-content\/uploads\/2022\/08\/autocares-serrano-logo.png","width":500,"height":345,"caption":"Autocares Serrano"},"image":{"@id":"https:\/\/autocaresserrano.es\/ca\/#\/schema\/logo\/image\/"}}]}},"_links":{"self":[{"href":"https:\/\/autocaresserrano.es\/ca\/wp-json\/wp\/v2\/pages\/1317","targetHints":{"allow":["GET"]}}],"collection":[{"href":"https:\/\/autocaresserrano.es\/ca\/wp-json\/wp\/v2\/pages"}],"about":[{"href":"https:\/\/autocaresserrano.es\/ca\/wp-json\/wp\/v2\/types\/page"}],"author":[{"embeddable":true,"href":"https:\/\/autocaresserrano.es\/ca\/wp-json\/wp\/v2\/users\/2"}],"replies":[{"embeddable":true,"href":"https:\/\/autocaresserrano.es\/ca\/wp-json\/wp\/v2\/comments?post=1317"}],"version-history":[{"count":7,"href":"https:\/\/autocaresserrano.es\/ca\/wp-json\/wp\/v2\/pages\/1317\/revisions"}],"predecessor-version":[{"id":2458,"href":"https:\/\/autocaresserrano.es\/ca\/wp-json\/wp\/v2\/pages\/1317\/revisions\/2458"}],"wp:attachment":[{"href":"https:\/\/autocaresserrano.es\/ca\/wp-json\/wp\/v2\/media?parent=1317"}],"curies":[{"name":"wp","href":"https:\/\/api.w.org\/{rel}","templated":true}]}}