{"id":1325,"date":"2022-12-14T07:23:20","date_gmt":"2022-12-14T06:23:20","guid":{"rendered":"https:\/\/autocaresserrano.es\/politica-de-cookies\/"},"modified":"2023-05-22T16:30:35","modified_gmt":"2023-05-22T15:30:35","slug":"politica-de-cookies","status":"publish","type":"page","link":"https:\/\/autocaresserrano.es\/ca\/politica-de-cookies\/","title":{"rendered":"Pol\u00edtica de cookies"},"content":{"rendered":"\t\t<div data-elementor-type=\"wp-page\" data-elementor-id=\"1325\" class=\"elementor elementor-1325 elementor-1145\" data-elementor-post-type=\"page\">\n\t\t\t\t\t\t<section class=\"elementor-section elementor-top-section elementor-element elementor-element-69927373 elementor-section-boxed elementor-section-height-default elementor-section-height-default\" data-id=\"69927373\" data-element_type=\"section\" data-e-type=\"section\">\n\t\t\t\t\t\t<div class=\"elementor-container elementor-column-gap-default\">\n\t\t\t\t\t<div class=\"elementor-column elementor-col-100 elementor-top-column elementor-element elementor-element-6afa548f\" data-id=\"6afa548f\" data-element_type=\"column\" data-e-type=\"column\">\n\t\t\t<div class=\"elementor-widget-wrap elementor-element-populated\">\n\t\t\t\t\t\t<div class=\"elementor-element elementor-element-2d880005 elementor-widget elementor-widget-text-editor\" data-id=\"2d880005\" data-element_type=\"widget\" data-e-type=\"widget\" data-widget_type=\"text-editor.default\">\n\t\t\t\t<div class=\"elementor-widget-container\">\n\t\t\t\t\t\t\t\t\t\n<p><strong><u>A) <\/u><\/strong><strong><u>&nbsp;<\/u><\/strong><strong><u>DEFINICI\u00d3 I FUNCI\u00d3 GEN\u00c8RICA DE LES<\/u><\/strong> <strong><u>C<\/u><\/strong><strong><u>OOKIES.<\/u><\/strong><\/p>\n\n\n\n<p>AUTOCARS SERRANO CELIMENDIZ S.L.U el titular d&#8217;aquest lloc web informa que s&#8217;utilitzen cookies i\/o tecnologies similars que emmagatzemen i recuperen informaci\u00f3 quan navegues. En general, aquestes tecnologies poden servir per a finalitats molt diverses, com ara recon\u00e8ixer-te com a usuari, obtenir informaci\u00f3 sobre els teus h\u00e0bits de navegaci\u00f3, o personalitzar la manera com es mostra el contingut. Els usos concrets que fem d&#8217;aquestes tecnologies es descriuen a continuaci\u00f3.<\/p>\n\n\n\n<p><strong><u>B) INFORMACI\u00d3 SOBRE EL TIPUS DE COOKIES QUE S&#8217;UTILITZEN I LA SEVA FINALITAT.<\/u><\/strong><\/p>\n\n\n\n<ul>\n<li><strong>T\u00e8cniques:<\/strong> S\u00f3n aquelles necess\u00e0ries per a la navegaci\u00f3 i el bon funcionament del nostre lloc web. Permeten, per exemple, controlar el tr\u00e0nsit i la comunicaci\u00f3 de dades, accedir a parts d&#8217;acc\u00e9s restringit, fer el proc\u00e9s de compra d&#8217;una comanda, utilitzar elements de seguretat, emmagatzemar continguts per poder difondre v\u00eddeos o compartir continguts a trav\u00e9s de xarxes socials.<\/li>\n\n\n\n<li><strong>De personalitzaci\u00f3:<\/strong> S\u00f3n aquelles que permeten a l&#8217;Usuari accedir al servei amb unes caracter\u00edstiques predefinides en funci\u00f3 d&#8217;una s\u00e8rie de criteris, com ara l&#8217;idioma, el tipus de navegador a trav\u00e9s del qual s&#8217;accedeix al servei, la configuraci\u00f3 regional des d&#8217;on s&#8217;accedeix al servei, etc.<\/li>\n\n\n\n<li><strong>D&#8217;an\u00e0lisi:<\/strong> s\u00f3n aquelles que, tractades per nosaltres o per tercers, ens permeten quantificar el nombre d&#8217;usuaris i aix\u00ed realitzar el mesurament i l&#8217;an\u00e0lisi estad\u00edstica de la utilitzaci\u00f3 que fan els usuaris del servei ofert. Per aix\u00f2 s&#8217;analitza la vostra navegaci\u00f3 a la nostra p\u00e0gina web per tal de millorar l&#8217;oferta de productes o serveis que us oferim.<\/li>\n\n\n\n<li><strong>Publicit\u00e0ries:<\/strong> S\u00f3n aquelles que permeten la gesti\u00f3, de la manera m\u00e9s efica\u00e7 possible, dels espais publicitaris que es poguessin incloure al nostre website.<\/li>\n<\/ul>\n\n\n\n<p>\u2022 &nbsp;&nbsp;&nbsp; <strong>Publicit\u00e0ries comportamentals:<\/strong> s\u00f3n aquelles que, tractades per nosaltres o per tercers, ens permeten analitzar els seus h\u00e0bits de navegaci\u00f3 a Internet perqu\u00e8 puguem mostrar publicitat relacionada amb el seu perfil de navegaci\u00f3.<\/p>\n\n\n\n<p><strong><u>C) IDENTIFICACI\u00d3 DE QUI UTILITZA LES COOKIES<\/u><\/strong><strong>:<\/strong><\/p>\n\n\n\n<p>La informaci\u00f3 obtinguda per les cookies pot ser tractada nom\u00e9s per l&#8217;editor i\/o tamb\u00e9 per tercers amb qu\u00e8 el nostre editor hagi contractat la prestaci\u00f3 d&#8217;un servei per al qual es requereixi l&#8217;\u00fas de galetes:<\/p>\n\n\n\n<ul>\n<li><strong>Cookies pr\u00f2pies<\/strong>: S\u00f3n aquelles que s&#8217;envien al vostre equip des dels nostres propis equips o dominis i des del qual prestem el servei que ens demana.<\/li>\n\n\n\n<li><strong>Cookies de tercers<\/strong>: S\u00f3n aquelles que pertanyen i gestiona una tercera entitat col\u00b7laboradora, tant si s\u00f3n enviades pels nostres propis equips o pels de la pr\u00f2pia entitat col\u00b7laboradora. Com, per exemple, les usades per xarxes socials, o per contingut extern com Google Maps, les que permeten quantificar el nombre d&#8217;usuaris i aix\u00ed realitzar el mesurament i l&#8217;an\u00e0lisi estad\u00edstica de la utilitzaci\u00f3 que fan els usuaris del servei ofert. Per aix\u00f2 s&#8217;analitza la vostra navegaci\u00f3 a la nostra p\u00e0gina web per tal de millorar l&#8217;oferta de productes o serveis que us oferim. <strong><u>+ Coneix als tercers <\/u><\/strong>&lt;link a la pol\u00edtica de cookies dels tercers&gt;. \u00c9s a dir, galetes que no s\u00f3n nostres i s\u00f3n per demanar informaci\u00f3 per un tercer.<\/li>\n<\/ul>\n\n\n\n<p><strong><u>D) PER\u00cdODE DE CONSERVACI\u00d3<\/u><\/strong><strong><\/strong><\/p>\n\n\n\n<ul>\n<li><strong>Cookies de sessi\u00f3<\/strong>: S\u00f3n cookies temporals que romanen a l&#8217;arxiu de cookies del vostre navegador fins que l&#8217;Usuari abandona la p\u00e0gina web, per la qual cosa cap queda registrada al disc dur del vostre ordinador. La informaci\u00f3 obtinguda per mitj\u00e0 d&#8217;aquestes galetes serveixen per analitzar pautes de tr\u00e0nsit al website. A la llarga, aix\u00f2 ens permet proporcionar una millor experi\u00e8ncia per millorar-ne el contingut i facilitar-ne l&#8217;\u00fas.<\/li>\n\n\n\n<li><strong>Cookies persistents<\/strong>:s\u00f3n emmagatzemades al disc dur i la nostra web les llegeix cada vegada que l&#8217;Usuari realitza una nova visita. Una cookie permanent t\u00e9 una data d&#8217;expiraci\u00f3 determinada. La cookie deixar\u00e0 de funcionar despr\u00e9s d&#8217;aquesta data. Aquestes cookies les utilitzem, generalment, per facilitar els serveis de compra i registre.<\/li>\n<\/ul>\n\n\n\n<p>Les dades obtingudes a partir d&#8217;ambd\u00f3s tipus de cookies seran conservades conforme s&#8217;indica a la pol\u00edtica de privadesa de la nostra p\u00e0gina web:<\/p>\n\n\n\n<p><strong>AQUESTA EMPRESA UTILITZA LES SEG\u00dcENTS COOKIES:<\/strong><\/p>\n\n\n\n<div class=\"cky-audit-table-element\"><\/div>\n\n\n\n<p><strong>E)<\/strong> <strong><u>ACTIVACI\u00d3, RESTRICCI\u00d3 I\/O INHABILITACI\u00d3 DE COOKIES<\/u><\/strong><\/p>\n\n\n\n<p>&nbsp;Podeu permetre o bloquejar les cookies, aix\u00ed com esborrar les vostres dades de navegaci\u00f3 (incloses les cookies) des del navegador que vost\u00e8 utilitza. Consulteu les opcions i instruccions que ofereix el vostre navegador. Tingueu en compte que, si accepteu les galetes de tercers, haureu d&#8217;eliminar-les des de les opcions del navegador.<strong><\/strong><\/p>\n\n\n\n<p><strong><u>F) NO REALITZEM TRANSFER\u00c8NCIES DE DADES A TERCERS PA\u00cfSOS REALITZADES PER L&#8217;EDITOR.<\/u><\/strong><\/p>\n\n\n\n<p>Pots informar-te de les transfer\u00e8ncies a tercers pa\u00efsos que, si escau, realitzen els tercers identificats en aquesta pol\u00edtica de cookies en les seves pol\u00edtiques corresponents (veure els enlla\u00e7os facilitats a l&#8217;apartat \u201cCookies de tercers\u201d).<\/p>\n\n\n\n<p><strong><u>G) L&#8217;ELABORACI\u00d3 DE PERFILS <\/u><\/strong><strong><u><\/u><\/strong><\/p>\n\n\n\n<p>No elaborem perfils.<\/p>\n\n\n\n<p><strong><u>H) RESTA D&#8217;INFORMACI\u00d3<\/u><\/strong> Pel que fa a la resta d&#8217;informaci\u00f3 exigida per l&#8217;article 13 RGPD, la pots veure <a href=\"https:\/\/autocaresserrano.es\/ca\/politica-de-privacitat\/\">aqu\u00ed<\/a>.<\/p>\n\t\t\t\t\t\t\t\t<\/div>\n\t\t\t\t<\/div>\n\t\t\t\t\t<\/div>\n\t\t<\/div>\n\t\t\t\t\t<\/div>\n\t\t<\/section>\n\t\t\t\t<\/div>\n\t\t","protected":false},"excerpt":{"rendered":"<p>A) &nbsp;DEFINICI\u00d3 I FUNCI\u00d3 GEN\u00c8RICA DE LES COOKIES. AUTOCARS SERRANO CELIMENDIZ S.L.U el titular d&#8217;aquest lloc web informa que s&#8217;utilitzen cookies i\/o tecnologies similars que emmagatzemen i recuperen informaci\u00f3 quan navegues. En general, aquestes tecnologies poden servir per a finalitats molt diverses, com ara recon\u00e8ixer-te com a usuari, obtenir informaci\u00f3 sobre els teus h\u00e0bits de [&hellip;]<\/p>\n","protected":false},"author":2,"featured_media":0,"parent":0,"menu_order":0,"comment_status":"closed","ping_status":"closed","template":"elementor_header_footer","meta":{"footnotes":""},"class_list":["post-1325","page","type-page","status-publish","hentry"],"yoast_head":"<!-- This site is optimized with the Yoast SEO plugin v25.2 - https:\/\/yoast.com\/wordpress\/plugins\/seo\/ -->\n<title>Pol\u00edtica de cookies | Autocares Serrano<\/title>\n<meta name=\"robots\" content=\"noindex, nofollow\" \/>\n<meta property=\"og:locale\" content=\"ca_ES\" \/>\n<meta property=\"og:type\" content=\"article\" \/>\n<meta property=\"og:title\" content=\"Pol\u00edtica de cookies | Autocares Serrano\" \/>\n<meta property=\"og:description\" content=\"A) &nbsp;DEFINICI\u00d3 I FUNCI\u00d3 GEN\u00c8RICA DE LES COOKIES. AUTOCARS SERRANO CELIMENDIZ S.L.U el titular d&#8217;aquest lloc web informa que s&#8217;utilitzen cookies i\/o tecnologies similars que emmagatzemen i recuperen informaci\u00f3 quan navegues. En general, aquestes tecnologies poden servir per a finalitats molt diverses, com ara recon\u00e8ixer-te com a usuari, obtenir informaci\u00f3 sobre els teus h\u00e0bits de [&hellip;]\" \/>\n<meta property=\"og:url\" content=\"https:\/\/autocaresserrano.es\/ca\/politica-de-cookies\/\" \/>\n<meta property=\"og:site_name\" content=\"Autocares Serrano\" \/>\n<meta property=\"article:modified_time\" content=\"2023-05-22T15:30:35+00:00\" \/>\n<meta name=\"twitter:card\" content=\"summary_large_image\" \/>\n<meta name=\"twitter:label1\" content=\"Temps estimat de lectura\" \/>\n\t<meta name=\"twitter:data1\" content=\"4 minuts\" \/>\n<script type=\"application\/ld+json\" class=\"yoast-schema-graph\">{\"@context\":\"https:\/\/schema.org\",\"@graph\":[{\"@type\":\"WebPage\",\"@id\":\"https:\/\/autocaresserrano.es\/ca\/politica-de-cookies\/\",\"url\":\"https:\/\/autocaresserrano.es\/ca\/politica-de-cookies\/\",\"name\":\"Pol\u00edtica de cookies | Autocares Serrano\",\"isPartOf\":{\"@id\":\"https:\/\/autocaresserrano.es\/ca\/#website\"},\"datePublished\":\"2022-12-14T06:23:20+00:00\",\"dateModified\":\"2023-05-22T15:30:35+00:00\",\"breadcrumb\":{\"@id\":\"https:\/\/autocaresserrano.es\/ca\/politica-de-cookies\/#breadcrumb\"},\"inLanguage\":\"ca\",\"potentialAction\":[{\"@type\":\"ReadAction\",\"target\":[\"https:\/\/autocaresserrano.es\/ca\/politica-de-cookies\/\"]}]},{\"@type\":\"BreadcrumbList\",\"@id\":\"https:\/\/autocaresserrano.es\/ca\/politica-de-cookies\/#breadcrumb\",\"itemListElement\":[{\"@type\":\"ListItem\",\"position\":1,\"name\":\"Portada\",\"item\":\"https:\/\/autocaresserrano.es\/ca\/inici\/\"},{\"@type\":\"ListItem\",\"position\":2,\"name\":\"Pol\u00edtica de cookies\"}]},{\"@type\":\"WebSite\",\"@id\":\"https:\/\/autocaresserrano.es\/ca\/#website\",\"url\":\"https:\/\/autocaresserrano.es\/ca\/\",\"name\":\"Autocares Serrano\",\"description\":\"Otro sitio realizado con WordPress\",\"publisher\":{\"@id\":\"https:\/\/autocaresserrano.es\/ca\/#organization\"},\"potentialAction\":[{\"@type\":\"SearchAction\",\"target\":{\"@type\":\"EntryPoint\",\"urlTemplate\":\"https:\/\/autocaresserrano.es\/ca\/?s={search_term_string}\"},\"query-input\":{\"@type\":\"PropertyValueSpecification\",\"valueRequired\":true,\"valueName\":\"search_term_string\"}}],\"inLanguage\":\"ca\"},{\"@type\":\"Organization\",\"@id\":\"https:\/\/autocaresserrano.es\/ca\/#organization\",\"name\":\"Autocares Serrano\",\"url\":\"https:\/\/autocaresserrano.es\/ca\/\",\"logo\":{\"@type\":\"ImageObject\",\"inLanguage\":\"ca\",\"@id\":\"https:\/\/autocaresserrano.es\/ca\/#\/schema\/logo\/image\/\",\"url\":\"http:\/\/autocares.iditalweb.com\/wp-content\/uploads\/2022\/08\/autocares-serrano-logo.png\",\"contentUrl\":\"http:\/\/autocares.iditalweb.com\/wp-content\/uploads\/2022\/08\/autocares-serrano-logo.png\",\"width\":500,\"height\":345,\"caption\":\"Autocares Serrano\"},\"image\":{\"@id\":\"https:\/\/autocaresserrano.es\/ca\/#\/schema\/logo\/image\/\"}}]}<\/script>\n<!-- \/ Yoast SEO plugin. -->","yoast_head_json":{"title":"Pol\u00edtica de cookies | Autocares Serrano","robots":{"index":"noindex","follow":"nofollow"},"og_locale":"ca_ES","og_type":"article","og_title":"Pol\u00edtica de cookies | Autocares Serrano","og_description":"A) &nbsp;DEFINICI\u00d3 I FUNCI\u00d3 GEN\u00c8RICA DE LES COOKIES. AUTOCARS SERRANO CELIMENDIZ S.L.U el titular d&#8217;aquest lloc web informa que s&#8217;utilitzen cookies i\/o tecnologies similars que emmagatzemen i recuperen informaci\u00f3 quan navegues. En general, aquestes tecnologies poden servir per a finalitats molt diverses, com ara recon\u00e8ixer-te com a usuari, obtenir informaci\u00f3 sobre els teus h\u00e0bits de [&hellip;]","og_url":"https:\/\/autocaresserrano.es\/ca\/politica-de-cookies\/","og_site_name":"Autocares Serrano","article_modified_time":"2023-05-22T15:30:35+00:00","twitter_card":"summary_large_image","twitter_misc":{"Temps estimat de lectura":"4 minuts"},"schema":{"@context":"https:\/\/schema.org","@graph":[{"@type":"WebPage","@id":"https:\/\/autocaresserrano.es\/ca\/politica-de-cookies\/","url":"https:\/\/autocaresserrano.es\/ca\/politica-de-cookies\/","name":"Pol\u00edtica de cookies | Autocares Serrano","isPartOf":{"@id":"https:\/\/autocaresserrano.es\/ca\/#website"},"datePublished":"2022-12-14T06:23:20+00:00","dateModified":"2023-05-22T15:30:35+00:00","breadcrumb":{"@id":"https:\/\/autocaresserrano.es\/ca\/politica-de-cookies\/#breadcrumb"},"inLanguage":"ca","potentialAction":[{"@type":"ReadAction","target":["https:\/\/autocaresserrano.es\/ca\/politica-de-cookies\/"]}]},{"@type":"BreadcrumbList","@id":"https:\/\/autocaresserrano.es\/ca\/politica-de-cookies\/#breadcrumb","itemListElement":[{"@type":"ListItem","position":1,"name":"Portada","item":"https:\/\/autocaresserrano.es\/ca\/inici\/"},{"@type":"ListItem","position":2,"name":"Pol\u00edtica de cookies"}]},{"@type":"WebSite","@id":"https:\/\/autocaresserrano.es\/ca\/#website","url":"https:\/\/autocaresserrano.es\/ca\/","name":"Autocares Serrano","description":"Otro sitio realizado con WordPress","publisher":{"@id":"https:\/\/autocaresserrano.es\/ca\/#organization"},"potentialAction":[{"@type":"SearchAction","target":{"@type":"EntryPoint","urlTemplate":"https:\/\/autocaresserrano.es\/ca\/?s={search_term_string}"},"query-input":{"@type":"PropertyValueSpecification","valueRequired":true,"valueName":"search_term_string"}}],"inLanguage":"ca"},{"@type":"Organization","@id":"https:\/\/autocaresserrano.es\/ca\/#organization","name":"Autocares Serrano","url":"https:\/\/autocaresserrano.es\/ca\/","logo":{"@type":"ImageObject","inLanguage":"ca","@id":"https:\/\/autocaresserrano.es\/ca\/#\/schema\/logo\/image\/","url":"http:\/\/autocares.iditalweb.com\/wp-content\/uploads\/2022\/08\/autocares-serrano-logo.png","contentUrl":"http:\/\/autocares.iditalweb.com\/wp-content\/uploads\/2022\/08\/autocares-serrano-logo.png","width":500,"height":345,"caption":"Autocares Serrano"},"image":{"@id":"https:\/\/autocaresserrano.es\/ca\/#\/schema\/logo\/image\/"}}]}},"_links":{"self":[{"href":"https:\/\/autocaresserrano.es\/ca\/wp-json\/wp\/v2\/pages\/1325","targetHints":{"allow":["GET"]}}],"collection":[{"href":"https:\/\/autocaresserrano.es\/ca\/wp-json\/wp\/v2\/pages"}],"about":[{"href":"https:\/\/autocaresserrano.es\/ca\/wp-json\/wp\/v2\/types\/page"}],"author":[{"embeddable":true,"href":"https:\/\/autocaresserrano.es\/ca\/wp-json\/wp\/v2\/users\/2"}],"replies":[{"embeddable":true,"href":"https:\/\/autocaresserrano.es\/ca\/wp-json\/wp\/v2\/comments?post=1325"}],"version-history":[{"count":3,"href":"https:\/\/autocaresserrano.es\/ca\/wp-json\/wp\/v2\/pages\/1325\/revisions"}],"predecessor-version":[{"id":2449,"href":"https:\/\/autocaresserrano.es\/ca\/wp-json\/wp\/v2\/pages\/1325\/revisions\/2449"}],"wp:attachment":[{"href":"https:\/\/autocaresserrano.es\/ca\/wp-json\/wp\/v2\/media?parent=1325"}],"curies":[{"name":"wp","href":"https:\/\/api.w.org\/{rel}","templated":true}]}}