{"id":1331,"date":"2022-08-01T07:52:15","date_gmt":"2022-08-01T06:52:15","guid":{"rendered":"https:\/\/autocaresserrano.es\/politica-de-privacitat\/"},"modified":"2023-05-29T07:41:02","modified_gmt":"2023-05-29T06:41:02","slug":"politica-de-privacitat","status":"publish","type":"page","link":"https:\/\/autocaresserrano.es\/ca\/politica-de-privacitat\/","title":{"rendered":"Pol\u00edtica de privacitat"},"content":{"rendered":"\t\t<div data-elementor-type=\"wp-page\" data-elementor-id=\"1331\" class=\"elementor elementor-1331 elementor-3\" data-elementor-post-type=\"page\">\n\t\t\t\t\t\t<section class=\"elementor-section elementor-top-section elementor-element elementor-element-1d1d2780 elementor-section-boxed elementor-section-height-default elementor-section-height-default\" data-id=\"1d1d2780\" data-element_type=\"section\" data-e-type=\"section\">\n\t\t\t\t\t\t<div class=\"elementor-container elementor-column-gap-default\">\n\t\t\t\t\t<div class=\"elementor-column elementor-col-100 elementor-top-column elementor-element elementor-element-64a35171\" data-id=\"64a35171\" data-element_type=\"column\" data-e-type=\"column\">\n\t\t\t<div class=\"elementor-widget-wrap elementor-element-populated\">\n\t\t\t\t\t\t<div class=\"elementor-element elementor-element-7d3efc74 elementor-widget elementor-widget-text-editor\" data-id=\"7d3efc74\" data-element_type=\"widget\" data-e-type=\"widget\" data-widget_type=\"text-editor.default\">\n\t\t\t\t<div class=\"elementor-widget-container\">\n\t\t\t\t\t\t\t\t\t\n<p><strong>POL\u00cdTICA DE PRIVACITAT<\/strong><\/p>\n\n\n\n<ol type=\"1\">\n<li><strong>Qui \u00e9s el responsable de tractament de les vostres dades?<\/strong><\/li>\n<\/ol>\n\n\n\n<p>AUTOCARES SERRANO CELIMENDIZ S.L.U<\/p>\n\n\n\n<p>B53012332<\/p>\n\n\n\n<p>POL\u00cdGONO INDUSTRIAL CAN BALTASAR S\/N 08389 PALAFOLLS (BARCELONA)<\/p>\n\n\n\n<p>937652136<strong><\/strong><\/p>\n\n\n\n<ul>\n<li><strong>Quin tipus de dades tenim sobre la vostra persona i com les hem obtingut?<\/strong><\/li>\n<\/ul>\n\n\n\n<p>Les categories de dades personals que tractem de clients i prove\u00efdors s\u00f3n:<\/p>\n\n\n\n<ol type=\"I\">\n<li>Dades d&#8217;identificaci\u00f3<\/li>\n\n\n\n<li>Adreces postals o electr\u00f2niques<\/li>\n\n\n\n<li>Informaci\u00f3 comercial<\/li>\n\n\n\n<li>Dades econ\u00f2miques i de transaccions<\/li>\n\n\n\n<li>Dades de navegaci\u00f3<\/li>\n\n\n\n<li>Dades especialment protegides: salut, en el cas dels empleats.<\/li>\n\n\n\n<li>Imatge\/veu.<\/li>\n\n\n\n<li>Dades de geolocalitzaci\u00f3.<\/li>\n<\/ol>\n\n\n\n<p>Totes les dades esmentades abans les hem obtingut o directament de vost\u00e8 mitjan\u00e7ant la presentaci\u00f3 d&#8217;una oferta comercial, proposta contractual, etc. o mitjan\u00e7ant la vostra empresa en facilitar-nos les dades d&#8217;identificaci\u00f3 i la resta d&#8217;informaci\u00f3 necess\u00e0ria per dur a terme l&#8217;objecte de la relaci\u00f3 contractual entre les parts. Ser\u00e0 una obligaci\u00f3 seva o de la vostra empresa facilitar-nos les dades actualitzades en cas de modificaci\u00f3.<\/p>\n\n\n\n<ul>\n<li><strong>Amb quina finalitat tractem les vostres dades?<\/strong><\/li>\n<\/ul>\n\n\n\n<p>Tractem les dades que ens faciliten les persones interessades per tal de gestionar diferents activitats derivades de procediments espec\u00edfics realitzats en mat\u00e8ria de vendes, servei post venda, gesti\u00f3 de prove\u00efdors, qualitat de serveis, etc. D&#8217;aquesta manera, utilitzarem les vostres dades per dur a terme alguna de les accions seg\u00fcents:<\/p>\n\n\n\n<ol type=\"I\">\n<li>Prestaci\u00f3 dels serveis sol\u00b7licitats o entrega del producte adquirit.<\/li>\n\n\n\n<li>Enviament de la informaci\u00f3 que ens sol\u00b7licitin mitjan\u00e7ant el formulari de contacte de la nostra p\u00e0gina web o qualsevol altre mitj\u00e0 de contacte amb la nostra empresa,<\/li>\n\n\n\n<li>Facilitar tant als clients potencials com als nostres clients, ofertes de productes i serveis del seu inter\u00e8s,<\/li>\n\n\n\n<li>Dur a terme la gesti\u00f3 administrativa, fiscal i comptable dels nostres clients i\/o prove\u00efdors,<\/li>\n\n\n\n<li>Dur a terme enquestes de satisfacci\u00f3, estudis de mercat, etc. per tal de poder oferir-vos les ofertes m\u00e9s adequades i una qualitat optimitzada de servei, etc.<\/li>\n\n\n\n<li>Gesti\u00f3 laboral dels empleats.<\/li>\n<\/ol>\n\n\n\n<p>Per dur a terme qualsevol d&#8217;aquestes finalitats es podran utilitzar mitjans electr\u00f2nics com ara email, WhatsApp, etc.<\/p>\n\n\n\n<ul>\n<li><strong>Per quant de temps conservarem les vostres dades?<\/strong><\/li>\n<\/ul>\n\n\n\n<p>Les dades personals relatives a persones f\u00edsiques vinculades a clients potencials, clients i prove\u00efdors que recopilem mitjan\u00e7ant els diferents formularis de contacte i\/o recollida d&#8217;informaci\u00f3 (incloses les dades recollides a trav\u00e9s de les cookies, si escau) es conservaran mentre no se sol\u00b7licite la seva supressi\u00f3 per linteressat. Les dades proporcionades pels nostres clients i prove\u00efdors es conservaran mentre es mantingui la relaci\u00f3 mercantil entre les parts respectant en qualsevol cas els terminis m\u00ednims legals de conservaci\u00f3 segons la mat\u00e8ria.<\/p>\n\n\n\n<p>Les dades de treballadors es conservaran mentre es mantingui la relaci\u00f3 laboral i en tot cas, segons el que prescrigui la legislaci\u00f3 laboral a aquest efecte.<\/p>\n\n\n\n<p>En el cas de les imatges obtingudes pel sistema de videovigil\u00e0ncia, el termini de conservaci\u00f3 ser\u00e0 d&#8217;1 mes, de conformitat amb el que estableix l&#8217;article 22.3 de la LOPDGDD, llevat que s&#8217;hagin de conservar per lliurar-les a les autoritats competents. .<\/p>\n\n\n\n<p>En qualsevol cas, guardarem les vostres dades personals durant el per\u00edode de temps que sigui raonablement necessari tenint en compte les nostres necessitats de donar resposta a q\u00fcestions que es plantegin o resoldre problemes, realitzar millores, activar nous serveis i complir els requisits que exigeixi la legislaci\u00f3 aplicable. Aix\u00f2 significa que podem conservar les vostres dades personals durant un per\u00edode de temps raonable fins i tot despr\u00e9s que h\u00e0giu deixat d&#8217;usar els nostres productes o que h\u00e0giu deixat d&#8217;usar aquesta p\u00e0gina web. Despr\u00e9s d&#8217;aquest per\u00edode, les vostres dades personals seran eliminades de tots els nostres sistemes.<\/p>\n\n\n\n<ul>\n<li><strong>Quina \u00e9s la base de legitimaci\u00f3 per al tractament de les vostres dades?<\/strong><\/li>\n<\/ul>\n\n\n\n<p>Segons tipus de tractament de dades, la base de legitimaci\u00f3 \u00e9s la seg\u00fcent:<\/p>\n\n\n\n<figure class=\"wp-block-table\"><table><tbody><tr><td><strong>TRACTAMENT<\/strong><\/td><td><strong>B<\/strong> <strong>ASE DE LEGITIMACI\u00d3<\/strong><\/td><\/tr><tr><td><strong>G<\/strong><strong>e<\/strong><strong>sti\u00f3 Contable: <\/strong>gesti\u00f3 de facturaci\u00f3 amb clients i\/o prove\u00efdors<\/td><td>Manteniment, desenvolupament i control de la relaci\u00f3 contractual entre les parts <\/td><\/tr><tr><td><strong>G<\/strong><strong>e<\/strong><strong>sti\u00f3 fiscal: <\/strong>aplicaci\u00f3 de retencions, bonificacions, etc.<\/td><td>Manteniment, desenvolupament i control de la relaci\u00f3 contractual entre les parts; Compliment obligacions legals <\/td><\/tr><tr><td><strong>Gesti\u00f3 administrativa:<\/strong>&nbsp;gesti\u00f3 de log\u00edstica, magatzem, entregues al client, recepci\u00f3 de mercaderies, etc.<\/td><td>Manteniment, desenvolupament i control de la relaci\u00f3 contractual entre les parts <\/td><\/tr><tr><td><strong>Ma<\/strong><strong>r<\/strong><strong>keting: <\/strong>Accions comercials sobre els nostres productes o serveis adre\u00e7ades als nostres clients o aquelles persones que ens han sol\u00b7licitat informaci\u00f3 relativa als nostres productes i serveis en el passat, incloent-hi la realitzaci\u00f3 d&#8217;enquestes de satisfacci\u00f3 als nostres clients. &nbsp;<\/td><td>Consentiment lliure i inequ\u00edvoc del mateix interessat (clients potencials), us fem constar que la retirada d&#8217;aquest consentiment en cap cas no pot condicionar l&#8217;execuci\u00f3 del contracte que hi hagu\u00e9s entre les parts; inter\u00e8s leg\u00edtim de la companyia sobre la promoci\u00f3 i comercialitzaci\u00f3 de productes o serveis similars als obtinguts o sol\u00b7licitats per les persones interessades en el passat. &nbsp;<\/td><\/tr><tr><td><strong>Si ets empleat, per a la Gesti\u00f3 laboral: <\/strong>gesti\u00f3 administrativa, comptable i fiscal dels empleats. <strong>Gesti\u00f3 registre jornada laboral:<\/strong> hora d&#8217;inici i finalitzaci\u00f3 de la jornada, aix\u00ed com hores extraordin\u00e0ries.<\/td><td>Execuci\u00f3 d&#8217;un contracte laboral. Compliment legal.<\/td><\/tr><tr><td><strong>Imatges \/ veu de treballadors : <\/strong>publicaci\u00f3 d&#8217;imatge\/veu a la web de l&#8217;empresa, llibres de l&#8217;empresa, RRSS per tal de donar a con\u00e8ixer la plantilla.<\/td><td>Consentiment expr\u00e9s de l&#8217;interessat.<\/td><\/tr><tr><td><strong>Geolocalitzaci\u00f3: <\/strong>Control laboral i espacial de vehicles i m\u00f2bils dempresa. <strong><\/strong><\/td><td>Execuci\u00f3 del contracte laboral. Article 20.3 de l&#8217;Estatut dels treballadors i 90 de la LOPDGDD. Inter\u00e8s leg\u00edtim del responsable.<\/td><\/tr><\/tbody><\/table><\/figure>\n\n\n\n<p>En cas que no faciliti les seves dades de car\u00e0cter personal no es podr\u00e0 executar el seu contracte, complir les obligacions legals o derivades dels poders p\u00fablics.<\/p>\n\n\n\n<ul>\n<li><strong>A quins destinataris es comunicaran les vostres dades?<\/strong><\/li>\n<\/ul>\n\n\n\n<p>No cedirem les vostres dades personals a cap empresa tercera que pretengui utilitzar-les en les vostres accions de m\u00e0rqueting directe, excepte en el cas que ens hi hagi autoritzat expressament.<\/p>\n\n\n\n<p>Us informem que podem facilitar les vostres dades personals a organismes de l&#8217;Administraci\u00f3 P\u00fablica i Autoritats competents en aquells casos en qu\u00e8 ens requereixin legalment o en els casos en qu\u00e8, actuant de bona fe, considerem que aquesta acci\u00f3 \u00e9s raonablement necess\u00e0ria per complir amb un proc\u00e9s judicial ; per contestar qualsevol reclamaci\u00f3 o demanda jur\u00eddica; o per protegir els drets de lempresa o els seus clients i el p\u00fablic en general.<\/p>\n\n\n\n<p>Us informem que les vostres dades no seran cedides o comunicades a tercers, l&#8217;empresa \u00e9s l&#8217;\u00fanica responsable per al seu tractament i cust\u00f2dia.<\/p>\n\n\n\n<p>S\u00ed proporcionarem les vostres dades personals a terceres persones (Ex. prove\u00efdors de serveis d&#8217;Internet que ens ajuden a administrar la nostra p\u00e0gina web o dur a terme els serveis contractats, empreses de suport i manteniment inform\u00e0tic, empreses de log\u00edstica, gestories i assessorament fiscal i comptable, etc.). En qualsevol cas, aquestes terceres persones han de mantenir, en tot moment, els mateixos nivells de seguretat que nosaltres en relaci\u00f3 amb les vostres dades personals i, quan sigui necessari, estaran vinculades per compromisos legals per tal de guardar les vostres dades personals de forma privada i segura , i tamb\u00e9 per utilitzar \u00fanicament la informaci\u00f3 seguint instruccions espec\u00edfiques de lempresa.<\/p>\n\n\n\n<ul>\n<li><strong>Transfer\u00e8ncies de dades a tercers pa\u00efsos?<\/strong><\/li>\n<\/ul>\n\n\n\n<p>No estan previstes transfer\u00e8ncies de dades a tercers pa\u00efsos.<\/p>\n\n\n\n<ul>\n<li><strong>Quins s\u00f3n els seus drets com a interessats?<\/strong><\/li>\n<\/ul>\n\n\n\n<p>Qualsevol persona t\u00e9 dret a obtenir confirmaci\u00f3 sobre si estem tractant dades personals que li concerneixin, o no.<\/p>\n\n\n\n<p>En concret, les persones interessades poden sol\u00b7licitar el dret d&#8217;acc\u00e9s a les vostres dades personals, aix\u00ed com rebre&#8217;ls en un format com\u00fa i lectura mecanitzada si el tractament s&#8217;efectua per mitjans electr\u00f2nics (dret de portabilitat).<\/p>\n\n\n\n<p>Aix\u00ed mateix, les persones interessades poden sol\u00b7licitar el dret de rectificaci\u00f3 de les dades inexactes o, si escau, sol\u00b7licitar-ne la supressi\u00f3 quan, entre altres motius, les dades ja no siguin necess\u00e0ries per als fins que van ser recollits.<\/p>\n\n\n\n<p>Complement\u00e0riament, en determinades circumst\u00e0ncies, els interessats podran sol\u00b7licitar la limitaci\u00f3 del tractament de les seves dades, o en determinades circumst\u00e0ncies i per motius relacionats amb la seva situaci\u00f3 particular, els interessats podran exercitar el dret a oposar-se al tractament de les seves dades. Deixarem de tractar les dades, excepte per motius leg\u00edtims imperiosos, o l&#8217;exercici o la defensa de possibles reclamacions o en aquelles excepcions establertes a la normativa aplicable.<\/p>\n\n\n\n<p>Aix\u00ed mateix, us informem que teniu dret a retirar els vostres consentiments atorgats en qualsevol moment, sense que aix\u00f2 afecti la licitud del tractament basat en el consentiment previ a la seva retirada.<\/p>\n\n\n\n<p>Aix\u00ed mateix s&#8217;informa a l&#8217;Usuari que en qualsevol moment pot exercitar els drets esmentats adre\u00e7ant-se per escrit a nosaltres utilitzant les dades de contacte que apareixen al punt 1, adjuntant c\u00f2pia del seu DNI.<\/p>\n\n\n\n<p>Vost\u00e8 tamb\u00e9 tindr\u00e0 dret a presentar una reclamaci\u00f3 davant l&#8217;Ag\u00e8ncia Espanyola de Protecci\u00f3 de dades, especialment quan no hagi obtingut satisfacci\u00f3 en l&#8217;exercici dels seus drets.<\/p>\n\n\n\n<p><a href=\"http:\/\/www.agpd.es\/portalwebAGPD\/index-ides-idphp.php\">http:\/\/www.agpd.es\/portalwebAGPD\/index-ides-idphp.php<\/a><\/p>\n\n\n\n<p>D&#8217;altra banda, d&#8217;acord amb el que disposa la Llei 34\/2002, d&#8217;11 de juliol, de Serveis de la Societat d&#8217;Informaci\u00f3 i de Comer\u00e7 Electr\u00f2nic, ens comprometem no enviar informaci\u00f3 comercial si aix\u00ed ens ho ha fet saber.<\/p>\n\t\t\t\t\t\t\t\t<\/div>\n\t\t\t\t<\/div>\n\t\t\t\t\t<\/div>\n\t\t<\/div>\n\t\t\t\t\t<\/div>\n\t\t<\/section>\n\t\t\t\t<\/div>\n\t\t","protected":false},"excerpt":{"rendered":"<p>POL\u00cdTICA DE PRIVACITAT Qui \u00e9s el responsable de tractament de les vostres dades? AUTOCARES SERRANO CELIMENDIZ S.L.U B53012332 POL\u00cdGONO INDUSTRIAL CAN BALTASAR S\/N 08389 PALAFOLLS (BARCELONA) 937652136 Quin tipus de dades tenim sobre la vostra persona i com les hem obtingut? Les categories de dades personals que tractem de clients i prove\u00efdors s\u00f3n: Dades d&#8217;identificaci\u00f3 [&hellip;]<\/p>\n","protected":false},"author":2,"featured_media":0,"parent":0,"menu_order":0,"comment_status":"closed","ping_status":"open","template":"","meta":{"footnotes":""},"class_list":["post-1331","page","type-page","status-publish","hentry"],"yoast_head":"<!-- This site is optimized with the Yoast SEO plugin v25.2 - https:\/\/yoast.com\/wordpress\/plugins\/seo\/ -->\n<title>Pol\u00edtica de privacitat | Autocares Serrano<\/title>\n<meta name=\"robots\" content=\"noindex, nofollow\" \/>\n<meta property=\"og:locale\" content=\"ca_ES\" \/>\n<meta property=\"og:type\" content=\"article\" \/>\n<meta property=\"og:title\" content=\"Pol\u00edtica de privacitat | Autocares Serrano\" \/>\n<meta property=\"og:description\" content=\"POL\u00cdTICA DE PRIVACITAT Qui \u00e9s el responsable de tractament de les vostres dades? AUTOCARES SERRANO CELIMENDIZ S.L.U B53012332 POL\u00cdGONO INDUSTRIAL CAN BALTASAR S\/N 08389 PALAFOLLS (BARCELONA) 937652136 Quin tipus de dades tenim sobre la vostra persona i com les hem obtingut? Les categories de dades personals que tractem de clients i prove\u00efdors s\u00f3n: Dades d&#8217;identificaci\u00f3 [&hellip;]\" \/>\n<meta property=\"og:url\" content=\"https:\/\/autocaresserrano.es\/ca\/politica-de-privacitat\/\" \/>\n<meta property=\"og:site_name\" content=\"Autocares Serrano\" \/>\n<meta property=\"article:modified_time\" content=\"2023-05-29T06:41:02+00:00\" \/>\n<meta name=\"twitter:card\" content=\"summary_large_image\" \/>\n<meta name=\"twitter:label1\" content=\"Temps estimat de lectura\" \/>\n\t<meta name=\"twitter:data1\" content=\"8 minuts\" \/>\n<script type=\"application\/ld+json\" class=\"yoast-schema-graph\">{\"@context\":\"https:\/\/schema.org\",\"@graph\":[{\"@type\":\"WebPage\",\"@id\":\"https:\/\/autocaresserrano.es\/ca\/politica-de-privacitat\/\",\"url\":\"https:\/\/autocaresserrano.es\/ca\/politica-de-privacitat\/\",\"name\":\"Pol\u00edtica de privacitat | Autocares Serrano\",\"isPartOf\":{\"@id\":\"https:\/\/autocaresserrano.es\/ca\/#website\"},\"datePublished\":\"2022-08-01T06:52:15+00:00\",\"dateModified\":\"2023-05-29T06:41:02+00:00\",\"breadcrumb\":{\"@id\":\"https:\/\/autocaresserrano.es\/ca\/politica-de-privacitat\/#breadcrumb\"},\"inLanguage\":\"ca\",\"potentialAction\":[{\"@type\":\"ReadAction\",\"target\":[\"https:\/\/autocaresserrano.es\/ca\/politica-de-privacitat\/\"]}]},{\"@type\":\"BreadcrumbList\",\"@id\":\"https:\/\/autocaresserrano.es\/ca\/politica-de-privacitat\/#breadcrumb\",\"itemListElement\":[{\"@type\":\"ListItem\",\"position\":1,\"name\":\"Portada\",\"item\":\"https:\/\/autocaresserrano.es\/ca\/inici\/\"},{\"@type\":\"ListItem\",\"position\":2,\"name\":\"Pol\u00edtica de privacitat\"}]},{\"@type\":\"WebSite\",\"@id\":\"https:\/\/autocaresserrano.es\/ca\/#website\",\"url\":\"https:\/\/autocaresserrano.es\/ca\/\",\"name\":\"Autocares Serrano\",\"description\":\"Otro sitio realizado con WordPress\",\"publisher\":{\"@id\":\"https:\/\/autocaresserrano.es\/ca\/#organization\"},\"potentialAction\":[{\"@type\":\"SearchAction\",\"target\":{\"@type\":\"EntryPoint\",\"urlTemplate\":\"https:\/\/autocaresserrano.es\/ca\/?s={search_term_string}\"},\"query-input\":{\"@type\":\"PropertyValueSpecification\",\"valueRequired\":true,\"valueName\":\"search_term_string\"}}],\"inLanguage\":\"ca\"},{\"@type\":\"Organization\",\"@id\":\"https:\/\/autocaresserrano.es\/ca\/#organization\",\"name\":\"Autocares Serrano\",\"url\":\"https:\/\/autocaresserrano.es\/ca\/\",\"logo\":{\"@type\":\"ImageObject\",\"inLanguage\":\"ca\",\"@id\":\"https:\/\/autocaresserrano.es\/ca\/#\/schema\/logo\/image\/\",\"url\":\"http:\/\/autocares.iditalweb.com\/wp-content\/uploads\/2022\/08\/autocares-serrano-logo.png\",\"contentUrl\":\"http:\/\/autocares.iditalweb.com\/wp-content\/uploads\/2022\/08\/autocares-serrano-logo.png\",\"width\":500,\"height\":345,\"caption\":\"Autocares Serrano\"},\"image\":{\"@id\":\"https:\/\/autocaresserrano.es\/ca\/#\/schema\/logo\/image\/\"}}]}<\/script>\n<!-- \/ Yoast SEO plugin. -->","yoast_head_json":{"title":"Pol\u00edtica de privacitat | Autocares Serrano","robots":{"index":"noindex","follow":"nofollow"},"og_locale":"ca_ES","og_type":"article","og_title":"Pol\u00edtica de privacitat | Autocares Serrano","og_description":"POL\u00cdTICA DE PRIVACITAT Qui \u00e9s el responsable de tractament de les vostres dades? AUTOCARES SERRANO CELIMENDIZ S.L.U B53012332 POL\u00cdGONO INDUSTRIAL CAN BALTASAR S\/N 08389 PALAFOLLS (BARCELONA) 937652136 Quin tipus de dades tenim sobre la vostra persona i com les hem obtingut? Les categories de dades personals que tractem de clients i prove\u00efdors s\u00f3n: Dades d&#8217;identificaci\u00f3 [&hellip;]","og_url":"https:\/\/autocaresserrano.es\/ca\/politica-de-privacitat\/","og_site_name":"Autocares Serrano","article_modified_time":"2023-05-29T06:41:02+00:00","twitter_card":"summary_large_image","twitter_misc":{"Temps estimat de lectura":"8 minuts"},"schema":{"@context":"https:\/\/schema.org","@graph":[{"@type":"WebPage","@id":"https:\/\/autocaresserrano.es\/ca\/politica-de-privacitat\/","url":"https:\/\/autocaresserrano.es\/ca\/politica-de-privacitat\/","name":"Pol\u00edtica de privacitat | Autocares Serrano","isPartOf":{"@id":"https:\/\/autocaresserrano.es\/ca\/#website"},"datePublished":"2022-08-01T06:52:15+00:00","dateModified":"2023-05-29T06:41:02+00:00","breadcrumb":{"@id":"https:\/\/autocaresserrano.es\/ca\/politica-de-privacitat\/#breadcrumb"},"inLanguage":"ca","potentialAction":[{"@type":"ReadAction","target":["https:\/\/autocaresserrano.es\/ca\/politica-de-privacitat\/"]}]},{"@type":"BreadcrumbList","@id":"https:\/\/autocaresserrano.es\/ca\/politica-de-privacitat\/#breadcrumb","itemListElement":[{"@type":"ListItem","position":1,"name":"Portada","item":"https:\/\/autocaresserrano.es\/ca\/inici\/"},{"@type":"ListItem","position":2,"name":"Pol\u00edtica de privacitat"}]},{"@type":"WebSite","@id":"https:\/\/autocaresserrano.es\/ca\/#website","url":"https:\/\/autocaresserrano.es\/ca\/","name":"Autocares Serrano","description":"Otro sitio realizado con WordPress","publisher":{"@id":"https:\/\/autocaresserrano.es\/ca\/#organization"},"potentialAction":[{"@type":"SearchAction","target":{"@type":"EntryPoint","urlTemplate":"https:\/\/autocaresserrano.es\/ca\/?s={search_term_string}"},"query-input":{"@type":"PropertyValueSpecification","valueRequired":true,"valueName":"search_term_string"}}],"inLanguage":"ca"},{"@type":"Organization","@id":"https:\/\/autocaresserrano.es\/ca\/#organization","name":"Autocares Serrano","url":"https:\/\/autocaresserrano.es\/ca\/","logo":{"@type":"ImageObject","inLanguage":"ca","@id":"https:\/\/autocaresserrano.es\/ca\/#\/schema\/logo\/image\/","url":"http:\/\/autocares.iditalweb.com\/wp-content\/uploads\/2022\/08\/autocares-serrano-logo.png","contentUrl":"http:\/\/autocares.iditalweb.com\/wp-content\/uploads\/2022\/08\/autocares-serrano-logo.png","width":500,"height":345,"caption":"Autocares Serrano"},"image":{"@id":"https:\/\/autocaresserrano.es\/ca\/#\/schema\/logo\/image\/"}}]}},"_links":{"self":[{"href":"https:\/\/autocaresserrano.es\/ca\/wp-json\/wp\/v2\/pages\/1331","targetHints":{"allow":["GET"]}}],"collection":[{"href":"https:\/\/autocaresserrano.es\/ca\/wp-json\/wp\/v2\/pages"}],"about":[{"href":"https:\/\/autocaresserrano.es\/ca\/wp-json\/wp\/v2\/types\/page"}],"author":[{"embeddable":true,"href":"https:\/\/autocaresserrano.es\/ca\/wp-json\/wp\/v2\/users\/2"}],"replies":[{"embeddable":true,"href":"https:\/\/autocaresserrano.es\/ca\/wp-json\/wp\/v2\/comments?post=1331"}],"version-history":[{"count":3,"href":"https:\/\/autocaresserrano.es\/ca\/wp-json\/wp\/v2\/pages\/1331\/revisions"}],"predecessor-version":[{"id":2481,"href":"https:\/\/autocaresserrano.es\/ca\/wp-json\/wp\/v2\/pages\/1331\/revisions\/2481"}],"wp:attachment":[{"href":"https:\/\/autocaresserrano.es\/ca\/wp-json\/wp\/v2\/media?parent=1331"}],"curies":[{"name":"wp","href":"https:\/\/api.w.org\/{rel}","templated":true}]}}