{"id":2136,"date":"2023-04-04T15:00:40","date_gmt":"2023-04-04T14:00:40","guid":{"rendered":"https:\/\/autocaresserrano.es\/congressos-i-incentius\/"},"modified":"2023-05-22T15:10:59","modified_gmt":"2023-05-22T14:10:59","slug":"congressos-i-incentius","status":"publish","type":"page","link":"https:\/\/autocaresserrano.es\/ca\/congressos-i-incentius\/","title":{"rendered":"Congressos i Incentius"},"content":{"rendered":"\t\t<div data-elementor-type=\"wp-page\" data-elementor-id=\"2136\" class=\"elementor elementor-2136 elementor-1614\" data-elementor-post-type=\"page\">\n\t\t\t\t\t\t<section data-dce-background-image-url=\"https:\/\/autocaresserrano.es\/wp-content\/uploads\/2023\/04\/Captura-de-pantalla-2023-04-04-a-las-15.59.02.png\" class=\"elementor-section elementor-top-section elementor-element elementor-element-e6da6a0 elementor-section-full_width elementor-hidden-desktop elementor-hidden-tablet elementor-hidden-mobile elementor-section-height-default elementor-section-height-default\" data-id=\"e6da6a0\" data-element_type=\"section\" data-e-type=\"section\" data-settings=\"{&quot;background_background&quot;:&quot;classic&quot;}\">\n\t\t\t\t\t\t<div class=\"elementor-container elementor-column-gap-default\">\n\t\t\t\t\t<div class=\"elementor-column elementor-col-100 elementor-top-column elementor-element elementor-element-f626ba9\" data-id=\"f626ba9\" data-element_type=\"column\" data-e-type=\"column\" data-settings=\"{&quot;background_background&quot;:&quot;classic&quot;}\">\n\t\t\t<div class=\"elementor-widget-wrap\">\n\t\t\t\t\t\t\t<\/div>\n\t\t<\/div>\n\t\t\t\t\t<\/div>\n\t\t<\/section>\n\t\t\t\t<section class=\"elementor-section elementor-top-section elementor-element elementor-element-34f45e2 elementor-section-boxed elementor-section-height-default elementor-section-height-default\" data-id=\"34f45e2\" data-element_type=\"section\" data-e-type=\"section\">\n\t\t\t\t\t\t<div class=\"elementor-container elementor-column-gap-default\">\n\t\t\t\t\t<div class=\"elementor-column elementor-col-100 elementor-top-column elementor-element elementor-element-815d4de\" data-id=\"815d4de\" data-element_type=\"column\" data-e-type=\"column\">\n\t\t\t<div class=\"elementor-widget-wrap elementor-element-populated\">\n\t\t\t\t\t\t<div class=\"elementor-element elementor-element-7a929d8 elementor-widget elementor-widget-heading\" data-id=\"7a929d8\" data-element_type=\"widget\" data-e-type=\"widget\" data-widget_type=\"heading.default\">\n\t\t\t\t<div class=\"elementor-widget-container\">\n\t\t\t\t\t<h2 class=\"elementor-heading-title elementor-size-default\">CONGRESSOS I INCENTIUS<\/h2>\t\t\t\t<\/div>\n\t\t\t\t<\/div>\n\t\t\t\t<div class=\"elementor-element elementor-element-2104ceb elementor-widget elementor-widget-text-editor\" data-id=\"2104ceb\" data-element_type=\"widget\" data-e-type=\"widget\" data-widget_type=\"text-editor.default\">\n\t\t\t\t<div class=\"elementor-widget-container\">\n\t\t\t\t\t\t\t\t\t<p>Posem a la disposici\u00f3 de les ag\u00e8ncies organitzadores de congressos i incentius un equip de professionals, experts en la gesti\u00f3 i organitzaci\u00f3 de la log\u00edstica del transport terrestre.<\/p><p>El nostre servei de lloguer d&#8217;autocars per a congressos i incentius a Barcelona, facilita els trasllats dels assistents cap als recintes firals, centres de formaci\u00f3, congressos, estacions de tren, aeroports, hotels, etc., i els portem de retorn al dest\u00ed que vost\u00e8 ens indiqui, perqu\u00e8 pugui concentrar-se en el que realment importa: el seu esdeveniment.<\/p><p>Oferim una flota de vehicles moderna i actualitzada que inclou <strong>autocars, minibusos, turismes i vans<\/strong> <strong>amb conductor<\/strong>, equipats amb tecnologia d&#8217;\u00faltima generaci\u00f3 que compleixen amb la normativa <strong>EURO VI<\/strong>, que estableix els l\u00edmits m\u00e0xims d&#8217;emissions contaminants que poden emetre els vehicles.\u00a0<\/p>\t\t\t\t\t\t\t\t<\/div>\n\t\t\t\t<\/div>\n\t\t\t\t<section class=\"elementor-section elementor-inner-section elementor-element elementor-element-15437e6 elementor-section-boxed elementor-section-height-default elementor-section-height-default\" data-id=\"15437e6\" data-element_type=\"section\" data-e-type=\"section\">\n\t\t\t\t\t\t<div class=\"elementor-container elementor-column-gap-wider\">\n\t\t\t\t\t<div class=\"elementor-column elementor-col-50 elementor-inner-column elementor-element elementor-element-0807ad6\" data-id=\"0807ad6\" data-element_type=\"column\" data-e-type=\"column\">\n\t\t\t<div class=\"elementor-widget-wrap elementor-element-populated\">\n\t\t\t\t\t\t<div class=\"elementor-element elementor-element-6311789 elementor-widget elementor-widget-text-editor\" data-id=\"6311789\" data-element_type=\"widget\" data-e-type=\"widget\" data-widget_type=\"text-editor.default\">\n\t\t\t\t<div class=\"elementor-widget-container\">\n\t\t\t\t\t\t\t\t\t<p>Els nostres vehicles compten amb comoditats excepcionals, com a <strong>seients confortables, taules de treball, cafetera, wifi i climatitzaci\u00f3.<\/strong> Amb aquestes caracter\u00edstiques, els nostres clients poden gaudir d&#8217;una experi\u00e8ncia de viatge confortable.<\/p><p>Disposem de conductors experimentats i altament capacitats que coneixen b\u00e9 la ciutat de Barcelona i els seus voltants.<\/p><p>Si est\u00e0 buscant un servei de transport fiable i eficient per al seu pr\u00f2xim esdeveniment a Barcelona, no dubti a posar-se en contacte amb nosaltres. Estarem a la seva disposici\u00f3 per a col\u00b7laborar en la planificaci\u00f3 del seu transport i brindar-li una experi\u00e8ncia excepcional.<\/p><p><strong>Estarem a la seva disposici\u00f3 per a col\u00b7laborar en la planificaci\u00f3 del seu transport i brindar-li una experi\u00e8ncia excepcional.<\/strong><\/p>\t\t\t\t\t\t\t\t<\/div>\n\t\t\t\t<\/div>\n\t\t\t\t<div data-dce-background-color=\"#B10F33\" class=\"elementor-element elementor-element-c4e1ff6 elementor-widget elementor-widget-button\" data-id=\"c4e1ff6\" data-element_type=\"widget\" data-e-type=\"widget\" data-widget_type=\"button.default\">\n\t\t\t\t<div class=\"elementor-widget-container\">\n\t\t\t\t\t\t\t\t\t<div class=\"elementor-button-wrapper\">\n\t\t\t\t\t<a class=\"elementor-button elementor-button-link elementor-size-sm\" href=\"\/ca\/#pressupost\">\n\t\t\t\t\t\t<span class=\"elementor-button-content-wrapper\">\n\t\t\t\t\t\t\t\t\t<span class=\"elementor-button-text\">SOL\u00b7LICITA PRESSUPOST<\/span>\n\t\t\t\t\t<\/span>\n\t\t\t\t\t<\/a>\n\t\t\t\t<\/div>\n\t\t\t\t\t\t\t\t<\/div>\n\t\t\t\t<\/div>\n\t\t\t\t\t<\/div>\n\t\t<\/div>\n\t\t\t\t<div class=\"elementor-column elementor-col-50 elementor-inner-column elementor-element elementor-element-dc60b13\" data-id=\"dc60b13\" data-element_type=\"column\" data-e-type=\"column\">\n\t\t\t<div class=\"elementor-widget-wrap elementor-element-populated\">\n\t\t\t\t\t\t<div class=\"elementor-element elementor-element-655ac81 elementor-widget elementor-widget-image\" data-id=\"655ac81\" data-element_type=\"widget\" data-e-type=\"widget\" data-widget_type=\"image.default\">\n\t\t\t\t<div class=\"elementor-widget-container\">\n\t\t\t\t\t\t\t\t\t\t\t\t\t\t\t<img fetchpriority=\"high\" decoding=\"async\" width=\"800\" height=\"533\" src=\"https:\/\/autocaresserrano.es\/wp-content\/uploads\/2023\/04\/transporte-congresos.jpg\" class=\"attachment-full size-full wp-image-1752\" alt=\"Autocares para transporte a congresos e incentivos\" srcset=\"https:\/\/autocaresserrano.es\/wp-content\/uploads\/2023\/04\/transporte-congresos.jpg 800w, https:\/\/autocaresserrano.es\/wp-content\/uploads\/2023\/04\/transporte-congresos-300x200.jpg 300w, https:\/\/autocaresserrano.es\/wp-content\/uploads\/2023\/04\/transporte-congresos-768x512.jpg 768w\" sizes=\"(max-width: 800px) 100vw, 800px\" \/>\t\t\t\t\t\t\t\t\t\t\t\t\t\t\t<\/div>\n\t\t\t\t<\/div>\n\t\t\t\t\t<\/div>\n\t\t<\/div>\n\t\t\t\t\t<\/div>\n\t\t<\/section>\n\t\t\t\t\t<\/div>\n\t\t<\/div>\n\t\t\t\t\t<\/div>\n\t\t<\/section>\n\t\t\t\t<section data-dce-background-color=\"#F5F5F5\" class=\"elementor-section elementor-top-section elementor-element elementor-element-407efb9 elementor-section-full_width elementor-section-height-default elementor-section-height-default\" data-id=\"407efb9\" data-element_type=\"section\" data-e-type=\"section\" data-settings=\"{&quot;background_background&quot;:&quot;classic&quot;}\">\n\t\t\t\t\t\t<div class=\"elementor-container elementor-column-gap-default\">\n\t\t\t\t\t<div class=\"elementor-column elementor-col-100 elementor-top-column elementor-element elementor-element-0cc30aa\" data-id=\"0cc30aa\" data-element_type=\"column\" data-e-type=\"column\">\n\t\t\t<div class=\"elementor-widget-wrap elementor-element-populated\">\n\t\t\t\t\t\t<section class=\"elementor-section elementor-inner-section elementor-element elementor-element-d1b9f2a elementor-section-boxed elementor-section-height-default elementor-section-height-default\" data-id=\"d1b9f2a\" data-element_type=\"section\" data-e-type=\"section\">\n\t\t\t\t\t\t<div class=\"elementor-container elementor-column-gap-default\">\n\t\t\t\t\t<div class=\"elementor-column elementor-col-33 elementor-inner-column elementor-element elementor-element-db5a9c0\" data-id=\"db5a9c0\" data-element_type=\"column\" data-e-type=\"column\">\n\t\t\t<div class=\"elementor-widget-wrap elementor-element-populated\">\n\t\t\t\t\t\t<div class=\"elementor-element elementor-element-30fe0f8 elementor-widget elementor-widget-text-editor\" data-id=\"30fe0f8\" data-element_type=\"widget\" data-e-type=\"widget\" data-widget_type=\"text-editor.default\">\n\t\t\t\t<div class=\"elementor-widget-container\">\n\t\t\t\t\t\t\t\t\t<p>\/ALTRES SERVEIS<\/p>\n\t\t\t\t\t\t\t\t<\/div>\n\t\t\t\t<\/div>\n\t\t\t\t<div class=\"elementor-element elementor-element-1359dc7 elementor-position-left elementor-vertical-align-middle elementor-widget elementor-widget-image-box\" data-id=\"1359dc7\" data-element_type=\"widget\" data-e-type=\"widget\" data-widget_type=\"image-box.default\">\n\t\t\t\t<div class=\"elementor-widget-container\">\n\t\t\t\t\t<div class=\"elementor-image-box-wrapper\"><figure class=\"elementor-image-box-img\"><a href=\"https:\/\/autocaresserrano.es\/ca\/transport-escolar\/\" tabindex=\"-1\"><img decoding=\"async\" width=\"150\" height=\"150\" data-src=\"https:\/\/autocaresserrano.es\/wp-content\/uploads\/2023\/04\/transporte-escolar1-150x150.jpg\" class=\"attachment-thumbnail size-thumbnail wp-image-1743 lazyload\" alt=\"Autocares para transporte escolar\" src=\"data:image\/gif;base64,R0lGODlhAQABAAAAACH5BAEKAAEALAAAAAABAAEAAAICTAEAOw==\" style=\"--smush-placeholder-width: 150px; --smush-placeholder-aspect-ratio: 150\/150;\" \/><\/a><\/figure><div class=\"elementor-image-box-content\"><h3 class=\"elementor-image-box-title\"><a href=\"https:\/\/autocaresserrano.es\/ca\/transport-escolar\/\">Escolar<\/a><\/h3><p class=\"elementor-image-box-description\">Servei esencial per a <br>transport de col\u00b7legis.\n<br>\n<br>\n<a style=\"background:#000;padding: 8px 15px;color:#FFF;font-weight:500;font-size:15px;border-radius:10px\" href=\"https:\/\/autocaresserrano.es\/ca\/transport-escolar\/\">VEURE M\u00c9S<\/a><\/p><\/div><\/div>\t\t\t\t<\/div>\n\t\t\t\t<\/div>\n\t\t\t\t\t<\/div>\n\t\t<\/div>\n\t\t\t\t<div class=\"elementor-column elementor-col-33 elementor-inner-column elementor-element elementor-element-a4e324c\" data-id=\"a4e324c\" data-element_type=\"column\" data-e-type=\"column\">\n\t\t\t<div class=\"elementor-widget-wrap elementor-element-populated\">\n\t\t\t\t\t\t<div class=\"elementor-element elementor-element-ff62568 elementor-position-left elementor-vertical-align-middle elementor-widget elementor-widget-image-box\" data-id=\"ff62568\" data-element_type=\"widget\" data-e-type=\"widget\" data-widget_type=\"image-box.default\">\n\t\t\t\t<div class=\"elementor-widget-container\">\n\t\t\t\t\t<div class=\"elementor-image-box-wrapper\"><figure class=\"elementor-image-box-img\"><a href=\"https:\/\/autocaresserrano.es\/ca\/transport-dentitats\/\" tabindex=\"-1\"><img decoding=\"async\" width=\"150\" height=\"150\" data-src=\"https:\/\/autocaresserrano.es\/wp-content\/uploads\/2023\/05\/transporte-entidades-150x150.jpg\" class=\"attachment-thumbnail size-thumbnail wp-image-1963 lazyload\" alt=\"Alquiler de autobuses para entidades deportivas\" src=\"data:image\/gif;base64,R0lGODlhAQABAAAAACH5BAEKAAEALAAAAAABAAEAAAICTAEAOw==\" style=\"--smush-placeholder-width: 150px; --smush-placeholder-aspect-ratio: 150\/150;\" \/><\/a><\/figure><div class=\"elementor-image-box-content\"><h3 class=\"elementor-image-box-title\"><a href=\"https:\/\/autocaresserrano.es\/ca\/transport-dentitats\/\">Entitats<\/a><\/h3><p class=\"elementor-image-box-description\">Entitats esportives i associacions culturals. \n<br>\n<br>\n<a style=\"background:#000;padding: 8px 15px;color:#FFF;font-weight:500;font-size:15px;border-radius:10px\" href=\"https:\/\/autocaresserrano.es\/ca\/transport-dentitats\/\">VEURE M\u00c9S<\/a><\/p><\/div><\/div>\t\t\t\t<\/div>\n\t\t\t\t<\/div>\n\t\t\t\t\t<\/div>\n\t\t<\/div>\n\t\t\t\t<div class=\"elementor-column elementor-col-33 elementor-inner-column elementor-element elementor-element-87b17e4\" data-id=\"87b17e4\" data-element_type=\"column\" data-e-type=\"column\">\n\t\t\t<div class=\"elementor-widget-wrap elementor-element-populated\">\n\t\t\t\t\t\t<div class=\"elementor-element elementor-element-a865ece elementor-position-left elementor-vertical-align-middle elementor-widget elementor-widget-image-box\" data-id=\"a865ece\" data-element_type=\"widget\" data-e-type=\"widget\" data-widget_type=\"image-box.default\">\n\t\t\t\t<div class=\"elementor-widget-container\">\n\t\t\t\t\t<div class=\"elementor-image-box-wrapper\"><figure class=\"elementor-image-box-img\"><a href=\"https:\/\/autocaresserrano.es\/ca\/transport-turistic\/\" tabindex=\"-1\"><img decoding=\"async\" width=\"150\" height=\"150\" data-src=\"https:\/\/autocaresserrano.es\/wp-content\/uploads\/2023\/05\/transporte-vacacional-150x150.jpg\" class=\"attachment-thumbnail size-thumbnail wp-image-1966 lazyload\" alt=\"Alquiler de autobuses para viajes\" src=\"data:image\/gif;base64,R0lGODlhAQABAAAAACH5BAEKAAEALAAAAAABAAEAAAICTAEAOw==\" style=\"--smush-placeholder-width: 150px; --smush-placeholder-aspect-ratio: 150\/150;\" \/><\/a><\/figure><div class=\"elementor-image-box-content\"><h3 class=\"elementor-image-box-title\"><a href=\"https:\/\/autocaresserrano.es\/ca\/transport-turistic\/\">Turisme<\/a><\/h3><p class=\"elementor-image-box-description\">Transport especialitzat<br> per a viatgers.\n<br>\n<br>\n<a style=\"background:#000;padding: 8px 15px;color:#FFF;font-weight:500;font-size:15px;border-radius:10px\" href=\"https:\/\/autocaresserrano.es\/ca\/transport-turistic\/\">VEURE M\u00c9S<\/a><\/p><\/div><\/div>\t\t\t\t<\/div>\n\t\t\t\t<\/div>\n\t\t\t\t\t<\/div>\n\t\t<\/div>\n\t\t\t\t\t<\/div>\n\t\t<\/section>\n\t\t\t\t\t<\/div>\n\t\t<\/div>\n\t\t\t\t\t<\/div>\n\t\t<\/section>\n\t\t\t\t<\/div>\n\t\t","protected":false},"excerpt":{"rendered":"<p>CONGRESSOS I INCENTIUS Posem a la disposici\u00f3 de les ag\u00e8ncies organitzadores de congressos i incentius un equip de professionals, experts en la gesti\u00f3 i organitzaci\u00f3 de la log\u00edstica del transport terrestre. El nostre servei de lloguer d&#8217;autocars per a congressos i incentius a Barcelona, facilita els trasllats dels assistents cap als recintes firals, centres de [&hellip;]<\/p>\n","protected":false},"author":2,"featured_media":0,"parent":0,"menu_order":0,"comment_status":"closed","ping_status":"closed","template":"elementor_header_footer","meta":{"footnotes":""},"class_list":["post-2136","page","type-page","status-publish","hentry"],"yoast_head":"<!-- This site is optimized with the Yoast SEO plugin v25.2 - https:\/\/yoast.com\/wordpress\/plugins\/seo\/ -->\n<title>Congressos i Incentius | Autocares Serrano<\/title>\n<meta name=\"robots\" content=\"index, follow, max-snippet:-1, max-image-preview:large, max-video-preview:-1\" \/>\n<link rel=\"canonical\" href=\"https:\/\/autocaresserrano.es\/ca\/congressos-i-incentius\/\" \/>\n<meta property=\"og:locale\" content=\"ca_ES\" \/>\n<meta property=\"og:type\" content=\"article\" \/>\n<meta property=\"og:title\" content=\"Congressos i Incentius | Autocares Serrano\" \/>\n<meta property=\"og:description\" content=\"CONGRESSOS I INCENTIUS Posem a la disposici\u00f3 de les ag\u00e8ncies organitzadores de congressos i incentius un equip de professionals, experts en la gesti\u00f3 i organitzaci\u00f3 de la log\u00edstica del transport terrestre. El nostre servei de lloguer d&#8217;autocars per a congressos i incentius a Barcelona, facilita els trasllats dels assistents cap als recintes firals, centres de [&hellip;]\" \/>\n<meta property=\"og:url\" content=\"https:\/\/autocaresserrano.es\/ca\/congressos-i-incentius\/\" \/>\n<meta property=\"og:site_name\" content=\"Autocares Serrano\" \/>\n<meta property=\"article:modified_time\" content=\"2023-05-22T14:10:59+00:00\" \/>\n<meta property=\"og:image\" content=\"https:\/\/autocaresserrano.es\/wp-content\/uploads\/2023\/04\/transporte-congresos.jpg\" \/>\n<meta name=\"twitter:card\" content=\"summary_large_image\" \/>\n<meta name=\"twitter:label1\" content=\"Temps estimat de lectura\" \/>\n\t<meta name=\"twitter:data1\" content=\"3 minuts\" \/>\n<script type=\"application\/ld+json\" class=\"yoast-schema-graph\">{\"@context\":\"https:\/\/schema.org\",\"@graph\":[{\"@type\":\"WebPage\",\"@id\":\"https:\/\/autocaresserrano.es\/ca\/congressos-i-incentius\/\",\"url\":\"https:\/\/autocaresserrano.es\/ca\/congressos-i-incentius\/\",\"name\":\"Congressos i Incentius | Autocares Serrano\",\"isPartOf\":{\"@id\":\"https:\/\/autocaresserrano.es\/ca\/#website\"},\"primaryImageOfPage\":{\"@id\":\"https:\/\/autocaresserrano.es\/ca\/congressos-i-incentius\/#primaryimage\"},\"image\":{\"@id\":\"https:\/\/autocaresserrano.es\/ca\/congressos-i-incentius\/#primaryimage\"},\"thumbnailUrl\":\"https:\/\/autocaresserrano.es\/wp-content\/uploads\/2023\/04\/transporte-congresos.jpg\",\"datePublished\":\"2023-04-04T14:00:40+00:00\",\"dateModified\":\"2023-05-22T14:10:59+00:00\",\"breadcrumb\":{\"@id\":\"https:\/\/autocaresserrano.es\/ca\/congressos-i-incentius\/#breadcrumb\"},\"inLanguage\":\"ca\",\"potentialAction\":[{\"@type\":\"ReadAction\",\"target\":[\"https:\/\/autocaresserrano.es\/ca\/congressos-i-incentius\/\"]}]},{\"@type\":\"ImageObject\",\"inLanguage\":\"ca\",\"@id\":\"https:\/\/autocaresserrano.es\/ca\/congressos-i-incentius\/#primaryimage\",\"url\":\"https:\/\/autocaresserrano.es\/wp-content\/uploads\/2023\/04\/transporte-congresos.jpg\",\"contentUrl\":\"https:\/\/autocaresserrano.es\/wp-content\/uploads\/2023\/04\/transporte-congresos.jpg\"},{\"@type\":\"BreadcrumbList\",\"@id\":\"https:\/\/autocaresserrano.es\/ca\/congressos-i-incentius\/#breadcrumb\",\"itemListElement\":[{\"@type\":\"ListItem\",\"position\":1,\"name\":\"Portada\",\"item\":\"https:\/\/autocaresserrano.es\/ca\/inici\/\"},{\"@type\":\"ListItem\",\"position\":2,\"name\":\"Congressos i Incentius\"}]},{\"@type\":\"WebSite\",\"@id\":\"https:\/\/autocaresserrano.es\/ca\/#website\",\"url\":\"https:\/\/autocaresserrano.es\/ca\/\",\"name\":\"Autocares Serrano\",\"description\":\"Otro sitio realizado con WordPress\",\"publisher\":{\"@id\":\"https:\/\/autocaresserrano.es\/ca\/#organization\"},\"potentialAction\":[{\"@type\":\"SearchAction\",\"target\":{\"@type\":\"EntryPoint\",\"urlTemplate\":\"https:\/\/autocaresserrano.es\/ca\/?s={search_term_string}\"},\"query-input\":{\"@type\":\"PropertyValueSpecification\",\"valueRequired\":true,\"valueName\":\"search_term_string\"}}],\"inLanguage\":\"ca\"},{\"@type\":\"Organization\",\"@id\":\"https:\/\/autocaresserrano.es\/ca\/#organization\",\"name\":\"Autocares Serrano\",\"url\":\"https:\/\/autocaresserrano.es\/ca\/\",\"logo\":{\"@type\":\"ImageObject\",\"inLanguage\":\"ca\",\"@id\":\"https:\/\/autocaresserrano.es\/ca\/#\/schema\/logo\/image\/\",\"url\":\"http:\/\/autocares.iditalweb.com\/wp-content\/uploads\/2022\/08\/autocares-serrano-logo.png\",\"contentUrl\":\"http:\/\/autocares.iditalweb.com\/wp-content\/uploads\/2022\/08\/autocares-serrano-logo.png\",\"width\":500,\"height\":345,\"caption\":\"Autocares Serrano\"},\"image\":{\"@id\":\"https:\/\/autocaresserrano.es\/ca\/#\/schema\/logo\/image\/\"}}]}<\/script>\n<!-- \/ Yoast SEO plugin. -->","yoast_head_json":{"title":"Congressos i Incentius | Autocares Serrano","robots":{"index":"index","follow":"follow","max-snippet":"max-snippet:-1","max-image-preview":"max-image-preview:large","max-video-preview":"max-video-preview:-1"},"canonical":"https:\/\/autocaresserrano.es\/ca\/congressos-i-incentius\/","og_locale":"ca_ES","og_type":"article","og_title":"Congressos i Incentius | Autocares Serrano","og_description":"CONGRESSOS I INCENTIUS Posem a la disposici\u00f3 de les ag\u00e8ncies organitzadores de congressos i incentius un equip de professionals, experts en la gesti\u00f3 i organitzaci\u00f3 de la log\u00edstica del transport terrestre. El nostre servei de lloguer d&#8217;autocars per a congressos i incentius a Barcelona, facilita els trasllats dels assistents cap als recintes firals, centres de [&hellip;]","og_url":"https:\/\/autocaresserrano.es\/ca\/congressos-i-incentius\/","og_site_name":"Autocares Serrano","article_modified_time":"2023-05-22T14:10:59+00:00","og_image":[{"url":"https:\/\/autocaresserrano.es\/wp-content\/uploads\/2023\/04\/transporte-congresos.jpg","type":"","width":"","height":""}],"twitter_card":"summary_large_image","twitter_misc":{"Temps estimat de lectura":"3 minuts"},"schema":{"@context":"https:\/\/schema.org","@graph":[{"@type":"WebPage","@id":"https:\/\/autocaresserrano.es\/ca\/congressos-i-incentius\/","url":"https:\/\/autocaresserrano.es\/ca\/congressos-i-incentius\/","name":"Congressos i Incentius | Autocares Serrano","isPartOf":{"@id":"https:\/\/autocaresserrano.es\/ca\/#website"},"primaryImageOfPage":{"@id":"https:\/\/autocaresserrano.es\/ca\/congressos-i-incentius\/#primaryimage"},"image":{"@id":"https:\/\/autocaresserrano.es\/ca\/congressos-i-incentius\/#primaryimage"},"thumbnailUrl":"https:\/\/autocaresserrano.es\/wp-content\/uploads\/2023\/04\/transporte-congresos.jpg","datePublished":"2023-04-04T14:00:40+00:00","dateModified":"2023-05-22T14:10:59+00:00","breadcrumb":{"@id":"https:\/\/autocaresserrano.es\/ca\/congressos-i-incentius\/#breadcrumb"},"inLanguage":"ca","potentialAction":[{"@type":"ReadAction","target":["https:\/\/autocaresserrano.es\/ca\/congressos-i-incentius\/"]}]},{"@type":"ImageObject","inLanguage":"ca","@id":"https:\/\/autocaresserrano.es\/ca\/congressos-i-incentius\/#primaryimage","url":"https:\/\/autocaresserrano.es\/wp-content\/uploads\/2023\/04\/transporte-congresos.jpg","contentUrl":"https:\/\/autocaresserrano.es\/wp-content\/uploads\/2023\/04\/transporte-congresos.jpg"},{"@type":"BreadcrumbList","@id":"https:\/\/autocaresserrano.es\/ca\/congressos-i-incentius\/#breadcrumb","itemListElement":[{"@type":"ListItem","position":1,"name":"Portada","item":"https:\/\/autocaresserrano.es\/ca\/inici\/"},{"@type":"ListItem","position":2,"name":"Congressos i Incentius"}]},{"@type":"WebSite","@id":"https:\/\/autocaresserrano.es\/ca\/#website","url":"https:\/\/autocaresserrano.es\/ca\/","name":"Autocares Serrano","description":"Otro sitio realizado con WordPress","publisher":{"@id":"https:\/\/autocaresserrano.es\/ca\/#organization"},"potentialAction":[{"@type":"SearchAction","target":{"@type":"EntryPoint","urlTemplate":"https:\/\/autocaresserrano.es\/ca\/?s={search_term_string}"},"query-input":{"@type":"PropertyValueSpecification","valueRequired":true,"valueName":"search_term_string"}}],"inLanguage":"ca"},{"@type":"Organization","@id":"https:\/\/autocaresserrano.es\/ca\/#organization","name":"Autocares Serrano","url":"https:\/\/autocaresserrano.es\/ca\/","logo":{"@type":"ImageObject","inLanguage":"ca","@id":"https:\/\/autocaresserrano.es\/ca\/#\/schema\/logo\/image\/","url":"http:\/\/autocares.iditalweb.com\/wp-content\/uploads\/2022\/08\/autocares-serrano-logo.png","contentUrl":"http:\/\/autocares.iditalweb.com\/wp-content\/uploads\/2022\/08\/autocares-serrano-logo.png","width":500,"height":345,"caption":"Autocares Serrano"},"image":{"@id":"https:\/\/autocaresserrano.es\/ca\/#\/schema\/logo\/image\/"}}]}},"_links":{"self":[{"href":"https:\/\/autocaresserrano.es\/ca\/wp-json\/wp\/v2\/pages\/2136","targetHints":{"allow":["GET"]}}],"collection":[{"href":"https:\/\/autocaresserrano.es\/ca\/wp-json\/wp\/v2\/pages"}],"about":[{"href":"https:\/\/autocaresserrano.es\/ca\/wp-json\/wp\/v2\/types\/page"}],"author":[{"embeddable":true,"href":"https:\/\/autocaresserrano.es\/ca\/wp-json\/wp\/v2\/users\/2"}],"replies":[{"embeddable":true,"href":"https:\/\/autocaresserrano.es\/ca\/wp-json\/wp\/v2\/comments?post=2136"}],"version-history":[{"count":9,"href":"https:\/\/autocaresserrano.es\/ca\/wp-json\/wp\/v2\/pages\/2136\/revisions"}],"predecessor-version":[{"id":2330,"href":"https:\/\/autocaresserrano.es\/ca\/wp-json\/wp\/v2\/pages\/2136\/revisions\/2330"}],"wp:attachment":[{"href":"https:\/\/autocaresserrano.es\/ca\/wp-json\/wp\/v2\/media?parent=2136"}],"curies":[{"name":"wp","href":"https:\/\/api.w.org\/{rel}","templated":true}]}}