{"id":2138,"date":"2023-04-27T12:40:53","date_gmt":"2023-04-27T11:40:53","guid":{"rendered":"https:\/\/autocaresserrano.es\/transport-turistic\/"},"modified":"2025-03-07T14:51:18","modified_gmt":"2025-03-07T13:51:18","slug":"transport-turistic","status":"publish","type":"page","link":"https:\/\/autocaresserrano.es\/ca\/transport-turistic\/","title":{"rendered":"Transport tur\u00edstic"},"content":{"rendered":"\t\t<div data-elementor-type=\"wp-page\" data-elementor-id=\"2138\" class=\"elementor elementor-2138 elementor-1769\" data-elementor-post-type=\"page\">\n\t\t\t\t\t\t<section class=\"elementor-section elementor-top-section elementor-element elementor-element-6623cdb elementor-section-boxed elementor-section-height-default elementor-section-height-default\" data-id=\"6623cdb\" data-element_type=\"section\" data-e-type=\"section\">\n\t\t\t\t\t\t<div class=\"elementor-container elementor-column-gap-default\">\n\t\t\t\t\t<div class=\"elementor-column elementor-col-100 elementor-top-column elementor-element elementor-element-13f722a\" data-id=\"13f722a\" data-element_type=\"column\" data-e-type=\"column\">\n\t\t\t<div class=\"elementor-widget-wrap elementor-element-populated\">\n\t\t\t\t\t\t<div class=\"elementor-element elementor-element-f1267c6 elementor-widget elementor-widget-heading\" data-id=\"f1267c6\" data-element_type=\"widget\" data-e-type=\"widget\" data-widget_type=\"heading.default\">\n\t\t\t\t<div class=\"elementor-widget-container\">\n\t\t\t\t\t<h1 class=\"elementor-heading-title elementor-size-default\">Serveis de transport tur\u00edstic a Barcelona i rodalies<\/h1>\t\t\t\t<\/div>\n\t\t\t\t<\/div>\n\t\t\t\t<div class=\"elementor-element elementor-element-0c83d0f elementor-widget elementor-widget-heading\" data-id=\"0c83d0f\" data-element_type=\"widget\" data-e-type=\"widget\" data-widget_type=\"heading.default\">\n\t\t\t\t<div class=\"elementor-widget-container\">\n\t\t\t\t\t<h2 class=\"elementor-heading-title elementor-size-default\">TURISME<\/h2>\t\t\t\t<\/div>\n\t\t\t\t<\/div>\n\t\t\t\t<div class=\"elementor-element elementor-element-92bcda0 elementor-widget elementor-widget-text-editor\" data-id=\"92bcda0\" data-element_type=\"widget\" data-e-type=\"widget\" data-widget_type=\"text-editor.default\">\n\t\t\t\t<div class=\"elementor-widget-container\">\n\t\t\t\t\t\t\t\t\t<p>Sabem que la comoditat i la seguretat s\u00f3n fonamentals a l&#8217;hora de viatjar. Per aix\u00f2, la nostra flota renovada constantment destaca per la seva eleg\u00e0ncia i est\u00e8tica moderna. Estem compromesos amb la sostenibilitat i la cura del medi ambient, complim amb els est\u00e0ndards m\u00e9s exigents de la normativa EURO VI.<\/p>\n\t\t\t\t\t\t\t\t<\/div>\n\t\t\t\t<\/div>\n\t\t\t\t<section class=\"elementor-section elementor-inner-section elementor-element elementor-element-9022bb6 elementor-section-boxed elementor-section-height-default elementor-section-height-default\" data-id=\"9022bb6\" data-element_type=\"section\" data-e-type=\"section\">\n\t\t\t\t\t\t<div class=\"elementor-container elementor-column-gap-wider\">\n\t\t\t\t\t<div class=\"elementor-column elementor-col-50 elementor-inner-column elementor-element elementor-element-4adb87e\" data-id=\"4adb87e\" data-element_type=\"column\" data-e-type=\"column\">\n\t\t\t<div class=\"elementor-widget-wrap elementor-element-populated\">\n\t\t\t\t\t\t<div class=\"elementor-element elementor-element-b2cfc0d elementor-widget elementor-widget-text-editor\" data-id=\"b2cfc0d\" data-element_type=\"widget\" data-e-type=\"widget\" data-widget_type=\"text-editor.default\">\n\t\t\t\t<div class=\"elementor-widget-container\">\n\t\t\t\t\t\t\t\t\t<p>El nostre desafiament \u00e9s fer que un<strong> trasllat de l&#8217;aeroport a l&#8217;hotel<\/strong>, una <strong>visita de la ciutat<\/strong>, una <strong>excursi\u00f3<\/strong>, un <strong>sopar<\/strong>, una visita a un celler o un <strong>circuit <\/strong>en autocar es converteixi en una experi\u00e8ncia inoblidable per als nostres clients. Per aconseguir-ho, comptem amb seus a dues de les zones m\u00e9s tur\u00edstiques de Catalunya: la ciutat de <strong>Barcelona <\/strong>i la <strong>Costa Brava<\/strong>. <\/p>\n<p>Si ets una ag\u00e8ncia de viatges o Tour operador i vols oferir als teus clients una experi\u00e8ncia completa aquest \u00e9s el teu cam\u00ed!.<\/p>\n<p>Si est\u00e0s organitzant un viatge i busques un mitj\u00e0 de transport segur i efica\u00e7, ets al lloc correcte!<\/p>\n<p style=\"text-align: left;\"><strong>Viatja amb Autocars Serrano i descobreix el plaer d&#8217;explorar nous destins!<\/strong><\/p>\n\t\t\t\t\t\t\t\t<\/div>\n\t\t\t\t<\/div>\n\t\t\t\t<div data-dce-background-color=\"#B10F33\" class=\"elementor-element elementor-element-e8494a2 elementor-widget elementor-widget-button\" data-id=\"e8494a2\" data-element_type=\"widget\" data-e-type=\"widget\" data-widget_type=\"button.default\">\n\t\t\t\t<div class=\"elementor-widget-container\">\n\t\t\t\t\t\t\t\t\t<div class=\"elementor-button-wrapper\">\n\t\t\t\t\t<a class=\"elementor-button elementor-button-link elementor-size-sm\" href=\"\/#presupuesto\">\n\t\t\t\t\t\t<span class=\"elementor-button-content-wrapper\">\n\t\t\t\t\t\t\t\t\t<span class=\"elementor-button-text\">SOL\u00b7LICITA PRESSUPOST<\/span>\n\t\t\t\t\t<\/span>\n\t\t\t\t\t<\/a>\n\t\t\t\t<\/div>\n\t\t\t\t\t\t\t\t<\/div>\n\t\t\t\t<\/div>\n\t\t\t\t\t<\/div>\n\t\t<\/div>\n\t\t\t\t<div class=\"elementor-column elementor-col-50 elementor-inner-column elementor-element elementor-element-08314ca\" data-id=\"08314ca\" data-element_type=\"column\" data-e-type=\"column\">\n\t\t\t<div class=\"elementor-widget-wrap elementor-element-populated\">\n\t\t\t\t\t\t<div class=\"elementor-element elementor-element-02382bc elementor-widget elementor-widget-image\" data-id=\"02382bc\" data-element_type=\"widget\" data-e-type=\"widget\" data-widget_type=\"image.default\">\n\t\t\t\t<div class=\"elementor-widget-container\">\n\t\t\t\t\t\t\t\t\t\t\t\t\t\t\t<img fetchpriority=\"high\" decoding=\"async\" width=\"800\" height=\"533\" src=\"https:\/\/autocaresserrano.es\/wp-content\/uploads\/2023\/05\/transporte-vacacional.jpg\" class=\"attachment-2048x2048 size-2048x2048 wp-image-1966\" alt=\"Alquiler de autobuses para viajes\" srcset=\"https:\/\/autocaresserrano.es\/wp-content\/uploads\/2023\/05\/transporte-vacacional.jpg 800w, https:\/\/autocaresserrano.es\/wp-content\/uploads\/2023\/05\/transporte-vacacional-300x200.jpg 300w, https:\/\/autocaresserrano.es\/wp-content\/uploads\/2023\/05\/transporte-vacacional-768x512.jpg 768w\" sizes=\"(max-width: 800px) 100vw, 800px\" \/>\t\t\t\t\t\t\t\t\t\t\t\t\t\t\t<\/div>\n\t\t\t\t<\/div>\n\t\t\t\t\t<\/div>\n\t\t<\/div>\n\t\t\t\t\t<\/div>\n\t\t<\/section>\n\t\t\t\t\t<\/div>\n\t\t<\/div>\n\t\t\t\t\t<\/div>\n\t\t<\/section>\n\t\t\t\t<section data-dce-background-color=\"#F5F5F5\" class=\"elementor-section elementor-top-section elementor-element elementor-element-6ac1074 elementor-section-full_width elementor-section-height-default elementor-section-height-default\" data-id=\"6ac1074\" data-element_type=\"section\" data-e-type=\"section\" data-settings=\"{&quot;background_background&quot;:&quot;classic&quot;}\">\n\t\t\t\t\t\t<div class=\"elementor-container elementor-column-gap-default\">\n\t\t\t\t\t<div class=\"elementor-column elementor-col-100 elementor-top-column elementor-element elementor-element-2148dd0\" data-id=\"2148dd0\" data-element_type=\"column\" data-e-type=\"column\">\n\t\t\t<div class=\"elementor-widget-wrap elementor-element-populated\">\n\t\t\t\t\t\t<section class=\"elementor-section elementor-inner-section elementor-element elementor-element-d637333 elementor-section-boxed elementor-section-height-default elementor-section-height-default\" data-id=\"d637333\" data-element_type=\"section\" data-e-type=\"section\">\n\t\t\t\t\t\t<div class=\"elementor-container elementor-column-gap-default\">\n\t\t\t\t\t<div class=\"elementor-column elementor-col-33 elementor-inner-column elementor-element elementor-element-bc945e9\" data-id=\"bc945e9\" data-element_type=\"column\" data-e-type=\"column\">\n\t\t\t<div class=\"elementor-widget-wrap elementor-element-populated\">\n\t\t\t\t\t\t<div class=\"elementor-element elementor-element-6269201 elementor-widget elementor-widget-text-editor\" data-id=\"6269201\" data-element_type=\"widget\" data-e-type=\"widget\" data-widget_type=\"text-editor.default\">\n\t\t\t\t<div class=\"elementor-widget-container\">\n\t\t\t\t\t\t\t\t\t<p>\/ALTRES SERVEIS<\/p>\n\t\t\t\t\t\t\t\t<\/div>\n\t\t\t\t<\/div>\n\t\t\t\t<div class=\"elementor-element elementor-element-d4b33e1 elementor-position-left elementor-vertical-align-middle elementor-widget elementor-widget-image-box\" data-id=\"d4b33e1\" data-element_type=\"widget\" data-e-type=\"widget\" data-widget_type=\"image-box.default\">\n\t\t\t\t<div class=\"elementor-widget-container\">\n\t\t\t\t\t<div class=\"elementor-image-box-wrapper\"><figure class=\"elementor-image-box-img\"><a href=\"https:\/\/autocaresserrano.es\/ca\/transport-escolar\/\" tabindex=\"-1\"><img decoding=\"async\" width=\"150\" height=\"150\" data-src=\"https:\/\/autocaresserrano.es\/wp-content\/uploads\/2023\/04\/transporte-escolar1-e1682594902315-150x150.jpg\" class=\"attachment-thumbnail size-thumbnail wp-image-1742 lazyload\" alt=\"Autocares para transporte escolar\" src=\"data:image\/gif;base64,R0lGODlhAQABAAAAACH5BAEKAAEALAAAAAABAAEAAAICTAEAOw==\" style=\"--smush-placeholder-width: 150px; --smush-placeholder-aspect-ratio: 150\/150;\" \/><\/a><\/figure><div class=\"elementor-image-box-content\"><h3 class=\"elementor-image-box-title\"><a href=\"https:\/\/autocaresserrano.es\/ca\/transport-escolar\/\">Escolar<\/a><\/h3><p class=\"elementor-image-box-description\">Servicio esencial para \ntransporte de colegios.<br><br><br><a style=\"background:#000;padding: 8px 15px;color:#FFF;font-weight:500;font-size:15px;border-radius:10px\" href=\"https:\/\/autocaresserrano.es\/ca\/transport-escolar\/\">VER M\u00c1S<\/a><\/p><\/div><\/div>\t\t\t\t<\/div>\n\t\t\t\t<\/div>\n\t\t\t\t\t<\/div>\n\t\t<\/div>\n\t\t\t\t<div class=\"elementor-column elementor-col-33 elementor-inner-column elementor-element elementor-element-c27422e\" data-id=\"c27422e\" data-element_type=\"column\" data-e-type=\"column\">\n\t\t\t<div class=\"elementor-widget-wrap elementor-element-populated\">\n\t\t\t\t\t\t<div class=\"elementor-element elementor-element-15bbf00 elementor-position-left elementor-vertical-align-middle elementor-widget elementor-widget-image-box\" data-id=\"15bbf00\" data-element_type=\"widget\" data-e-type=\"widget\" data-widget_type=\"image-box.default\">\n\t\t\t\t<div class=\"elementor-widget-container\">\n\t\t\t\t\t<div class=\"elementor-image-box-wrapper\"><figure class=\"elementor-image-box-img\"><a href=\"https:\/\/autocaresserrano.es\/ca\/transport-dentitats\/\" tabindex=\"-1\"><img decoding=\"async\" width=\"150\" height=\"150\" data-src=\"https:\/\/autocaresserrano.es\/wp-content\/uploads\/2023\/05\/transporte-entidades-150x150.jpg\" class=\"attachment-thumbnail size-thumbnail wp-image-1962 lazyload\" alt=\"Alquiler de autobuses para entidades deportivas\" src=\"data:image\/gif;base64,R0lGODlhAQABAAAAACH5BAEKAAEALAAAAAABAAEAAAICTAEAOw==\" style=\"--smush-placeholder-width: 150px; --smush-placeholder-aspect-ratio: 150\/150;\" \/><\/a><\/figure><div class=\"elementor-image-box-content\"><h3 class=\"elementor-image-box-title\"><a href=\"https:\/\/autocaresserrano.es\/ca\/transport-dentitats\/\">Entitats<\/a><\/h3><p class=\"elementor-image-box-description\">Entitats esportives i associacions culturals. \n<br><br><a style=\"background:#000;padding: 8px 15px;color:#FFF;font-weight:500;font-size:15px;border-radius:10px\" href=\"https:\/\/autocaresserrano.es\/ca\/transport-dentitats\/\">VEURE M\u00c9S<\/a><\/p><\/div><\/div>\t\t\t\t<\/div>\n\t\t\t\t<\/div>\n\t\t\t\t\t<\/div>\n\t\t<\/div>\n\t\t\t\t<div class=\"elementor-column elementor-col-33 elementor-inner-column elementor-element elementor-element-fdfe045\" data-id=\"fdfe045\" data-element_type=\"column\" data-e-type=\"column\">\n\t\t\t<div class=\"elementor-widget-wrap elementor-element-populated\">\n\t\t\t\t\t\t<div class=\"elementor-element elementor-element-20f20b7 elementor-position-left elementor-vertical-align-middle elementor-widget elementor-widget-image-box\" data-id=\"20f20b7\" data-element_type=\"widget\" data-e-type=\"widget\" data-widget_type=\"image-box.default\">\n\t\t\t\t<div class=\"elementor-widget-container\">\n\t\t\t\t\t<div class=\"elementor-image-box-wrapper\"><figure class=\"elementor-image-box-img\"><a href=\"https:\/\/autocaresserrano.es\/ca\/transport-escolar\/\" tabindex=\"-1\"><img decoding=\"async\" width=\"150\" height=\"150\" data-src=\"https:\/\/autocaresserrano.es\/wp-content\/uploads\/2023\/04\/transporte-congresos-150x150.jpg\" class=\"attachment-thumbnail size-thumbnail wp-image-1751 lazyload\" alt=\"Autocares para transporte a congresos e incentivos\" src=\"data:image\/gif;base64,R0lGODlhAQABAAAAACH5BAEKAAEALAAAAAABAAEAAAICTAEAOw==\" style=\"--smush-placeholder-width: 150px; --smush-placeholder-aspect-ratio: 150\/150;\" \/><\/a><\/figure><div class=\"elementor-image-box-content\"><h3 class=\"elementor-image-box-title\"><a href=\"https:\/\/autocaresserrano.es\/ca\/transport-escolar\/\">Congressos i incentius<\/a><\/h3><p class=\"elementor-image-box-description\">Trasllat d'assistents a\nrecintes firals.<br><br><br><a style=\"background:#000;padding: 8px 15px;color:#FFF;font-weight:500;font-size:15px;border-radius:10px\" href=\"https:\/\/autocaresserrano.es\/ca\/congressos-i-incentius\/\">VER M\u00c1S<\/a><\/p><\/div><\/div>\t\t\t\t<\/div>\n\t\t\t\t<\/div>\n\t\t\t\t\t<\/div>\n\t\t<\/div>\n\t\t\t\t\t<\/div>\n\t\t<\/section>\n\t\t\t\t\t<\/div>\n\t\t<\/div>\n\t\t\t\t\t<\/div>\n\t\t<\/section>\n\t\t\t\t<\/div>\n\t\t","protected":false},"excerpt":{"rendered":"<p>Serveis de transport tur\u00edstic a Barcelona i rodalies TURISME Sabem que la comoditat i la seguretat s\u00f3n fonamentals a l&#8217;hora de viatjar. Per aix\u00f2, la nostra flota renovada constantment destaca per la seva eleg\u00e0ncia i est\u00e8tica moderna. Estem compromesos amb la sostenibilitat i la cura del medi ambient, complim amb els est\u00e0ndards m\u00e9s exigents de [&hellip;]<\/p>\n","protected":false},"author":2,"featured_media":0,"parent":0,"menu_order":0,"comment_status":"closed","ping_status":"closed","template":"elementor_header_footer","meta":{"footnotes":""},"class_list":["post-2138","page","type-page","status-publish","hentry"],"yoast_head":"<!-- This site is optimized with the Yoast SEO plugin v25.2 - https:\/\/yoast.com\/wordpress\/plugins\/seo\/ -->\n<title>Transport tur\u00edstic | Autocares Serrano<\/title>\n<meta name=\"description\" content=\"Serveis de transport tur\u00edstic a Barcelona i rodalies. Descobreix destinacions \u00faniques amb Autocars Serrano.\" \/>\n<meta name=\"robots\" content=\"index, follow, max-snippet:-1, max-image-preview:large, max-video-preview:-1\" \/>\n<link rel=\"canonical\" href=\"https:\/\/autocaresserrano.es\/ca\/transport-turistic\/\" \/>\n<meta property=\"og:locale\" content=\"ca_ES\" \/>\n<meta property=\"og:type\" content=\"article\" \/>\n<meta property=\"og:title\" content=\"Transport tur\u00edstic | Autocares Serrano\" \/>\n<meta property=\"og:description\" content=\"Serveis de transport tur\u00edstic a Barcelona i rodalies. Descobreix destinacions \u00faniques amb Autocars Serrano.\" \/>\n<meta property=\"og:url\" content=\"https:\/\/autocaresserrano.es\/ca\/transport-turistic\/\" \/>\n<meta property=\"og:site_name\" content=\"Autocares Serrano\" \/>\n<meta property=\"article:modified_time\" content=\"2025-03-07T13:51:18+00:00\" \/>\n<meta property=\"og:image\" content=\"https:\/\/autocaresserrano.es\/wp-content\/uploads\/2023\/05\/transporte-vacacional.jpg\" \/>\n\t<meta property=\"og:image:width\" content=\"800\" \/>\n\t<meta property=\"og:image:height\" content=\"533\" \/>\n\t<meta property=\"og:image:type\" content=\"image\/jpeg\" \/>\n<meta name=\"twitter:card\" content=\"summary_large_image\" \/>\n<meta name=\"twitter:label1\" content=\"Temps estimat de lectura\" \/>\n\t<meta name=\"twitter:data1\" content=\"2 minuts\" \/>\n<script type=\"application\/ld+json\" class=\"yoast-schema-graph\">{\"@context\":\"https:\/\/schema.org\",\"@graph\":[{\"@type\":\"WebPage\",\"@id\":\"https:\/\/autocaresserrano.es\/ca\/transport-turistic\/\",\"url\":\"https:\/\/autocaresserrano.es\/ca\/transport-turistic\/\",\"name\":\"Transport tur\u00edstic | Autocares Serrano\",\"isPartOf\":{\"@id\":\"https:\/\/autocaresserrano.es\/ca\/#website\"},\"primaryImageOfPage\":{\"@id\":\"https:\/\/autocaresserrano.es\/ca\/transport-turistic\/#primaryimage\"},\"image\":{\"@id\":\"https:\/\/autocaresserrano.es\/ca\/transport-turistic\/#primaryimage\"},\"thumbnailUrl\":\"https:\/\/autocaresserrano.es\/wp-content\/uploads\/2023\/05\/transporte-vacacional.jpg\",\"datePublished\":\"2023-04-27T11:40:53+00:00\",\"dateModified\":\"2025-03-07T13:51:18+00:00\",\"description\":\"Serveis de transport tur\u00edstic a Barcelona i rodalies. Descobreix destinacions \u00faniques amb Autocars Serrano.\",\"breadcrumb\":{\"@id\":\"https:\/\/autocaresserrano.es\/ca\/transport-turistic\/#breadcrumb\"},\"inLanguage\":\"ca\",\"potentialAction\":[{\"@type\":\"ReadAction\",\"target\":[\"https:\/\/autocaresserrano.es\/ca\/transport-turistic\/\"]}]},{\"@type\":\"ImageObject\",\"inLanguage\":\"ca\",\"@id\":\"https:\/\/autocaresserrano.es\/ca\/transport-turistic\/#primaryimage\",\"url\":\"https:\/\/autocaresserrano.es\/wp-content\/uploads\/2023\/05\/transporte-vacacional.jpg\",\"contentUrl\":\"https:\/\/autocaresserrano.es\/wp-content\/uploads\/2023\/05\/transporte-vacacional.jpg\"},{\"@type\":\"BreadcrumbList\",\"@id\":\"https:\/\/autocaresserrano.es\/ca\/transport-turistic\/#breadcrumb\",\"itemListElement\":[{\"@type\":\"ListItem\",\"position\":1,\"name\":\"Portada\",\"item\":\"https:\/\/autocaresserrano.es\/ca\/inici\/\"},{\"@type\":\"ListItem\",\"position\":2,\"name\":\"Transport tur\u00edstic\"}]},{\"@type\":\"WebSite\",\"@id\":\"https:\/\/autocaresserrano.es\/ca\/#website\",\"url\":\"https:\/\/autocaresserrano.es\/ca\/\",\"name\":\"Autocares Serrano\",\"description\":\"Otro sitio realizado con WordPress\",\"publisher\":{\"@id\":\"https:\/\/autocaresserrano.es\/ca\/#organization\"},\"potentialAction\":[{\"@type\":\"SearchAction\",\"target\":{\"@type\":\"EntryPoint\",\"urlTemplate\":\"https:\/\/autocaresserrano.es\/ca\/?s={search_term_string}\"},\"query-input\":{\"@type\":\"PropertyValueSpecification\",\"valueRequired\":true,\"valueName\":\"search_term_string\"}}],\"inLanguage\":\"ca\"},{\"@type\":\"Organization\",\"@id\":\"https:\/\/autocaresserrano.es\/ca\/#organization\",\"name\":\"Autocares Serrano\",\"url\":\"https:\/\/autocaresserrano.es\/ca\/\",\"logo\":{\"@type\":\"ImageObject\",\"inLanguage\":\"ca\",\"@id\":\"https:\/\/autocaresserrano.es\/ca\/#\/schema\/logo\/image\/\",\"url\":\"http:\/\/autocares.iditalweb.com\/wp-content\/uploads\/2022\/08\/autocares-serrano-logo.png\",\"contentUrl\":\"http:\/\/autocares.iditalweb.com\/wp-content\/uploads\/2022\/08\/autocares-serrano-logo.png\",\"width\":500,\"height\":345,\"caption\":\"Autocares Serrano\"},\"image\":{\"@id\":\"https:\/\/autocaresserrano.es\/ca\/#\/schema\/logo\/image\/\"}}]}<\/script>\n<!-- \/ Yoast SEO plugin. -->","yoast_head_json":{"title":"Transport tur\u00edstic | Autocares Serrano","description":"Serveis de transport tur\u00edstic a Barcelona i rodalies. Descobreix destinacions \u00faniques amb Autocars Serrano.","robots":{"index":"index","follow":"follow","max-snippet":"max-snippet:-1","max-image-preview":"max-image-preview:large","max-video-preview":"max-video-preview:-1"},"canonical":"https:\/\/autocaresserrano.es\/ca\/transport-turistic\/","og_locale":"ca_ES","og_type":"article","og_title":"Transport tur\u00edstic | Autocares Serrano","og_description":"Serveis de transport tur\u00edstic a Barcelona i rodalies. Descobreix destinacions \u00faniques amb Autocars Serrano.","og_url":"https:\/\/autocaresserrano.es\/ca\/transport-turistic\/","og_site_name":"Autocares Serrano","article_modified_time":"2025-03-07T13:51:18+00:00","og_image":[{"width":800,"height":533,"url":"https:\/\/autocaresserrano.es\/wp-content\/uploads\/2023\/05\/transporte-vacacional.jpg","type":"image\/jpeg"}],"twitter_card":"summary_large_image","twitter_misc":{"Temps estimat de lectura":"2 minuts"},"schema":{"@context":"https:\/\/schema.org","@graph":[{"@type":"WebPage","@id":"https:\/\/autocaresserrano.es\/ca\/transport-turistic\/","url":"https:\/\/autocaresserrano.es\/ca\/transport-turistic\/","name":"Transport tur\u00edstic | Autocares Serrano","isPartOf":{"@id":"https:\/\/autocaresserrano.es\/ca\/#website"},"primaryImageOfPage":{"@id":"https:\/\/autocaresserrano.es\/ca\/transport-turistic\/#primaryimage"},"image":{"@id":"https:\/\/autocaresserrano.es\/ca\/transport-turistic\/#primaryimage"},"thumbnailUrl":"https:\/\/autocaresserrano.es\/wp-content\/uploads\/2023\/05\/transporte-vacacional.jpg","datePublished":"2023-04-27T11:40:53+00:00","dateModified":"2025-03-07T13:51:18+00:00","description":"Serveis de transport tur\u00edstic a Barcelona i rodalies. Descobreix destinacions \u00faniques amb Autocars Serrano.","breadcrumb":{"@id":"https:\/\/autocaresserrano.es\/ca\/transport-turistic\/#breadcrumb"},"inLanguage":"ca","potentialAction":[{"@type":"ReadAction","target":["https:\/\/autocaresserrano.es\/ca\/transport-turistic\/"]}]},{"@type":"ImageObject","inLanguage":"ca","@id":"https:\/\/autocaresserrano.es\/ca\/transport-turistic\/#primaryimage","url":"https:\/\/autocaresserrano.es\/wp-content\/uploads\/2023\/05\/transporte-vacacional.jpg","contentUrl":"https:\/\/autocaresserrano.es\/wp-content\/uploads\/2023\/05\/transporte-vacacional.jpg"},{"@type":"BreadcrumbList","@id":"https:\/\/autocaresserrano.es\/ca\/transport-turistic\/#breadcrumb","itemListElement":[{"@type":"ListItem","position":1,"name":"Portada","item":"https:\/\/autocaresserrano.es\/ca\/inici\/"},{"@type":"ListItem","position":2,"name":"Transport tur\u00edstic"}]},{"@type":"WebSite","@id":"https:\/\/autocaresserrano.es\/ca\/#website","url":"https:\/\/autocaresserrano.es\/ca\/","name":"Autocares Serrano","description":"Otro sitio realizado con WordPress","publisher":{"@id":"https:\/\/autocaresserrano.es\/ca\/#organization"},"potentialAction":[{"@type":"SearchAction","target":{"@type":"EntryPoint","urlTemplate":"https:\/\/autocaresserrano.es\/ca\/?s={search_term_string}"},"query-input":{"@type":"PropertyValueSpecification","valueRequired":true,"valueName":"search_term_string"}}],"inLanguage":"ca"},{"@type":"Organization","@id":"https:\/\/autocaresserrano.es\/ca\/#organization","name":"Autocares Serrano","url":"https:\/\/autocaresserrano.es\/ca\/","logo":{"@type":"ImageObject","inLanguage":"ca","@id":"https:\/\/autocaresserrano.es\/ca\/#\/schema\/logo\/image\/","url":"http:\/\/autocares.iditalweb.com\/wp-content\/uploads\/2022\/08\/autocares-serrano-logo.png","contentUrl":"http:\/\/autocares.iditalweb.com\/wp-content\/uploads\/2022\/08\/autocares-serrano-logo.png","width":500,"height":345,"caption":"Autocares Serrano"},"image":{"@id":"https:\/\/autocaresserrano.es\/ca\/#\/schema\/logo\/image\/"}}]}},"_links":{"self":[{"href":"https:\/\/autocaresserrano.es\/ca\/wp-json\/wp\/v2\/pages\/2138","targetHints":{"allow":["GET"]}}],"collection":[{"href":"https:\/\/autocaresserrano.es\/ca\/wp-json\/wp\/v2\/pages"}],"about":[{"href":"https:\/\/autocaresserrano.es\/ca\/wp-json\/wp\/v2\/types\/page"}],"author":[{"embeddable":true,"href":"https:\/\/autocaresserrano.es\/ca\/wp-json\/wp\/v2\/users\/2"}],"replies":[{"embeddable":true,"href":"https:\/\/autocaresserrano.es\/ca\/wp-json\/wp\/v2\/comments?post=2138"}],"version-history":[{"count":13,"href":"https:\/\/autocaresserrano.es\/ca\/wp-json\/wp\/v2\/pages\/2138\/revisions"}],"predecessor-version":[{"id":3144,"href":"https:\/\/autocaresserrano.es\/ca\/wp-json\/wp\/v2\/pages\/2138\/revisions\/3144"}],"wp:attachment":[{"href":"https:\/\/autocaresserrano.es\/ca\/wp-json\/wp\/v2\/media?parent=2138"}],"curies":[{"name":"wp","href":"https:\/\/api.w.org\/{rel}","templated":true}]}}