{"id":2140,"date":"2023-04-27T12:21:25","date_gmt":"2023-04-27T11:21:25","guid":{"rendered":"https:\/\/autocaresserrano.es\/transport-escolar\/"},"modified":"2025-03-07T14:29:01","modified_gmt":"2025-03-07T13:29:01","slug":"transport-escolar","status":"publish","type":"page","link":"https:\/\/autocaresserrano.es\/ca\/transport-escolar\/","title":{"rendered":"Transport escolar"},"content":{"rendered":"\t\t<div data-elementor-type=\"wp-page\" data-elementor-id=\"2140\" class=\"elementor elementor-2140 elementor-1738\" data-elementor-post-type=\"page\">\n\t\t\t\t\t\t<section class=\"elementor-section elementor-top-section elementor-element elementor-element-d304436 elementor-section-boxed elementor-section-height-default elementor-section-height-default\" data-id=\"d304436\" data-element_type=\"section\" data-e-type=\"section\">\n\t\t\t\t\t\t<div class=\"elementor-container elementor-column-gap-default\">\n\t\t\t\t\t<div class=\"elementor-column elementor-col-100 elementor-top-column elementor-element elementor-element-fcaac5e\" data-id=\"fcaac5e\" data-element_type=\"column\" data-e-type=\"column\">\n\t\t\t<div class=\"elementor-widget-wrap elementor-element-populated\">\n\t\t\t\t\t\t<div class=\"elementor-element elementor-element-14ea0c2 elementor-widget elementor-widget-heading\" data-id=\"14ea0c2\" data-element_type=\"widget\" data-e-type=\"widget\" data-widget_type=\"heading.default\">\n\t\t\t\t<div class=\"elementor-widget-container\">\n\t\t\t\t\t<h1 class=\"elementor-heading-title elementor-size-default\">Transport escolar segur i fiable a Barcelona<\/h1>\t\t\t\t<\/div>\n\t\t\t\t<\/div>\n\t\t\t\t<div class=\"elementor-element elementor-element-389b182 elementor-widget elementor-widget-heading\" data-id=\"389b182\" data-element_type=\"widget\" data-e-type=\"widget\" data-widget_type=\"heading.default\">\n\t\t\t\t<div class=\"elementor-widget-container\">\n\t\t\t\t\t<h2 class=\"elementor-heading-title elementor-size-default\">ESCOLAR<\/h2>\t\t\t\t<\/div>\n\t\t\t\t<\/div>\n\t\t\t\t<div class=\"elementor-element elementor-element-e1fff44 elementor-widget elementor-widget-text-editor\" data-id=\"e1fff44\" data-element_type=\"widget\" data-e-type=\"widget\" data-widget_type=\"text-editor.default\">\n\t\t\t\t<div class=\"elementor-widget-container\">\n\t\t\t\t\t\t\t\t\t<p>Entenem la import\u00e0ncia del transport escolar com un servei essencial per als col\u00b7legis. Per aquest motiu, comptem amb una \u00e0mplia flota d&#8217;autocars i minibusos amb capacitats que van des de <strong>14 fins a 74 places<\/strong>, tots ells complint amb els m\u00e9s alts est\u00e0ndards de seguretat i confort, incloent-hi la <strong>normativa 443\/200<\/strong>, sobre les condicions de seguretat en el transport escolar i de menors.<\/p>\n\t\t\t\t\t\t\t\t<\/div>\n\t\t\t\t<\/div>\n\t\t\t\t<section class=\"elementor-section elementor-inner-section elementor-element elementor-element-7e88c74 elementor-section-boxed elementor-section-height-default elementor-section-height-default\" data-id=\"7e88c74\" data-element_type=\"section\" data-e-type=\"section\">\n\t\t\t\t\t\t<div class=\"elementor-container elementor-column-gap-wider\">\n\t\t\t\t\t<div class=\"elementor-column elementor-col-50 elementor-inner-column elementor-element elementor-element-ab97006\" data-id=\"ab97006\" data-element_type=\"column\" data-e-type=\"column\">\n\t\t\t<div class=\"elementor-widget-wrap elementor-element-populated\">\n\t\t\t\t\t\t<div class=\"elementor-element elementor-element-c3bcd62 elementor-widget elementor-widget-text-editor\" data-id=\"c3bcd62\" data-element_type=\"widget\" data-e-type=\"widget\" data-widget_type=\"text-editor.default\">\n\t\t\t\t<div class=\"elementor-widget-container\">\n\t\t\t\t\t\t\t\t\t<p>Els nostres vehicles tenen tecnologia avan\u00e7ada i respectuosa amb el medi ambient, que redueix les emissions de CO2 i minimitza l&#8217;impacte ambiental. <\/p>\n<p>El nostre servei de transport escolar abasta una varietat de necessitats com r<strong>utes escolars, excursions i trasllats a piscines <\/strong>o <strong>altres activitats extraescolars<\/strong>, aix\u00ed com tamb\u00e9 viatges de final de curs a Espanya o Europa.<\/p>\n<p>Col\u00b7laborem amb els centres educatius per a adaptar-nos a les seves necessitats espec\u00edfiques. Realitzem un estudi i an\u00e0lisi conjunta de tot el calendari d&#8217;activitats per a coordinar i planificar de manera eficient el transport escolar de cada centre, oferint les condicions m\u00e9s avantatjoses.<\/p>\n<p>La flota es revisada peri\u00f2dicament i tota ella equipada amb cinturons de seguretat, arcs de seguretat antibolcada i antideformants, frens ABS, antiserracament ARS i carrosseries amb resist\u00e8ncia a impactes laterals i frontals, fa que sigui el transport idoni per als m\u00e9s petits.<\/p>\n<p><strong>La seguretat dels nostres passatgers \u00e9s la nostra m\u00e0xima prioritat.<\/strong><\/p>\n\t\t\t\t\t\t\t\t<\/div>\n\t\t\t\t<\/div>\n\t\t\t\t<div data-dce-background-color=\"#B10F33\" class=\"elementor-element elementor-element-bac867a elementor-widget elementor-widget-button\" data-id=\"bac867a\" data-element_type=\"widget\" data-e-type=\"widget\" data-widget_type=\"button.default\">\n\t\t\t\t<div class=\"elementor-widget-container\">\n\t\t\t\t\t\t\t\t\t<div class=\"elementor-button-wrapper\">\n\t\t\t\t\t<a class=\"elementor-button elementor-button-link elementor-size-sm\" href=\"\/#presupuesto\">\n\t\t\t\t\t\t<span class=\"elementor-button-content-wrapper\">\n\t\t\t\t\t\t\t\t\t<span class=\"elementor-button-text\">SOL\u00b7LICITA PRESSUPOST<\/span>\n\t\t\t\t\t<\/span>\n\t\t\t\t\t<\/a>\n\t\t\t\t<\/div>\n\t\t\t\t\t\t\t\t<\/div>\n\t\t\t\t<\/div>\n\t\t\t\t\t<\/div>\n\t\t<\/div>\n\t\t\t\t<div class=\"elementor-column elementor-col-50 elementor-inner-column elementor-element elementor-element-36a6789\" data-id=\"36a6789\" data-element_type=\"column\" data-e-type=\"column\">\n\t\t\t<div class=\"elementor-widget-wrap elementor-element-populated\">\n\t\t\t\t\t\t<div class=\"elementor-element elementor-element-c571a7b elementor-widget elementor-widget-image\" data-id=\"c571a7b\" data-element_type=\"widget\" data-e-type=\"widget\" data-widget_type=\"image.default\">\n\t\t\t\t<div class=\"elementor-widget-container\">\n\t\t\t\t\t\t\t\t\t\t\t\t\t\t\t<img decoding=\"async\" data-src=\"https:\/\/autocaresserrano.es\/wp-content\/uploads\/2023\/04\/transporte-escolar1-e1682594902315.jpg\" title=\"transporte-escolar1\" alt=\"Autocares para transporte escolar\" src=\"data:image\/gif;base64,R0lGODlhAQABAAAAACH5BAEKAAEALAAAAAABAAEAAAICTAEAOw==\" class=\"lazyload\" style=\"--smush-placeholder-width: 768px; --smush-placeholder-aspect-ratio: 768\/806;\" \/>\t\t\t\t\t\t\t\t\t\t\t\t\t\t\t<\/div>\n\t\t\t\t<\/div>\n\t\t\t\t\t<\/div>\n\t\t<\/div>\n\t\t\t\t\t<\/div>\n\t\t<\/section>\n\t\t\t\t\t<\/div>\n\t\t<\/div>\n\t\t\t\t\t<\/div>\n\t\t<\/section>\n\t\t\t\t<section data-dce-background-color=\"#F5F5F5\" class=\"elementor-section elementor-top-section elementor-element elementor-element-8874d04 elementor-section-full_width elementor-section-height-default elementor-section-height-default\" data-id=\"8874d04\" data-element_type=\"section\" data-e-type=\"section\" data-settings=\"{&quot;background_background&quot;:&quot;classic&quot;}\">\n\t\t\t\t\t\t<div class=\"elementor-container elementor-column-gap-default\">\n\t\t\t\t\t<div class=\"elementor-column elementor-col-100 elementor-top-column elementor-element elementor-element-e569c52\" data-id=\"e569c52\" data-element_type=\"column\" data-e-type=\"column\">\n\t\t\t<div class=\"elementor-widget-wrap elementor-element-populated\">\n\t\t\t\t\t\t<section class=\"elementor-section elementor-inner-section elementor-element elementor-element-4ce6664 elementor-section-boxed elementor-section-height-default elementor-section-height-default\" data-id=\"4ce6664\" data-element_type=\"section\" data-e-type=\"section\">\n\t\t\t\t\t\t<div class=\"elementor-container elementor-column-gap-default\">\n\t\t\t\t\t<div class=\"elementor-column elementor-col-33 elementor-inner-column elementor-element elementor-element-ce2f34c\" data-id=\"ce2f34c\" data-element_type=\"column\" data-e-type=\"column\">\n\t\t\t<div class=\"elementor-widget-wrap elementor-element-populated\">\n\t\t\t\t\t\t<div class=\"elementor-element elementor-element-2418054 elementor-widget elementor-widget-text-editor\" data-id=\"2418054\" data-element_type=\"widget\" data-e-type=\"widget\" data-widget_type=\"text-editor.default\">\n\t\t\t\t<div class=\"elementor-widget-container\">\n\t\t\t\t\t\t\t\t\t<p>\/ALTRES SERVEIS<\/p>\n\t\t\t\t\t\t\t\t<\/div>\n\t\t\t\t<\/div>\n\t\t\t\t<div class=\"elementor-element elementor-element-7e205e2 elementor-position-left elementor-vertical-align-middle elementor-widget elementor-widget-image-box\" data-id=\"7e205e2\" data-element_type=\"widget\" data-e-type=\"widget\" data-widget_type=\"image-box.default\">\n\t\t\t\t<div class=\"elementor-widget-container\">\n\t\t\t\t\t<div class=\"elementor-image-box-wrapper\"><figure class=\"elementor-image-box-img\"><a href=\"https:\/\/autocaresserrano.es\/ca\/transport-escolar\/\" tabindex=\"-1\"><img decoding=\"async\" width=\"150\" height=\"150\" data-src=\"https:\/\/autocaresserrano.es\/wp-content\/uploads\/2023\/04\/transporte-congresos-150x150.jpg\" class=\"attachment-thumbnail size-thumbnail wp-image-1752 lazyload\" alt=\"Autocares para transporte a congresos e incentivos\" src=\"data:image\/gif;base64,R0lGODlhAQABAAAAACH5BAEKAAEALAAAAAABAAEAAAICTAEAOw==\" style=\"--smush-placeholder-width: 150px; --smush-placeholder-aspect-ratio: 150\/150;\" \/><\/a><\/figure><div class=\"elementor-image-box-content\"><h3 class=\"elementor-image-box-title\"><a href=\"https:\/\/autocaresserrano.es\/ca\/transport-escolar\/\">Congressos i incentius<\/a><\/h3><p class=\"elementor-image-box-description\">Trasllat d'assistents a\nrecintes firals.<br><br><br><a style=\"background:#000;padding: 8px 15px;color:#FFF;font-weight:500;font-size:15px;border-radius:10px\" href=\"https:\/\/autocaresserrano.es\/ca\/congressos-i-incentius\/\">VER M\u00c1S<\/a><\/p><\/div><\/div>\t\t\t\t<\/div>\n\t\t\t\t<\/div>\n\t\t\t\t\t<\/div>\n\t\t<\/div>\n\t\t\t\t<div class=\"elementor-column elementor-col-33 elementor-inner-column elementor-element elementor-element-d5c981f\" data-id=\"d5c981f\" data-element_type=\"column\" data-e-type=\"column\">\n\t\t\t<div class=\"elementor-widget-wrap elementor-element-populated\">\n\t\t\t\t\t\t<div class=\"elementor-element elementor-element-8fbc2aa elementor-position-left elementor-vertical-align-middle elementor-widget elementor-widget-image-box\" data-id=\"8fbc2aa\" data-element_type=\"widget\" data-e-type=\"widget\" data-widget_type=\"image-box.default\">\n\t\t\t\t<div class=\"elementor-widget-container\">\n\t\t\t\t\t<div class=\"elementor-image-box-wrapper\"><figure class=\"elementor-image-box-img\"><a href=\"https:\/\/autocaresserrano.es\/ca\/transport-dentitats\/\" tabindex=\"-1\"><img decoding=\"async\" width=\"150\" height=\"150\" data-src=\"https:\/\/autocaresserrano.es\/wp-content\/uploads\/2023\/05\/transporte-entidades-150x150.jpg\" class=\"attachment-thumbnail size-thumbnail wp-image-1963 lazyload\" alt=\"Alquiler de autobuses para entidades deportivas\" src=\"data:image\/gif;base64,R0lGODlhAQABAAAAACH5BAEKAAEALAAAAAABAAEAAAICTAEAOw==\" style=\"--smush-placeholder-width: 150px; --smush-placeholder-aspect-ratio: 150\/150;\" \/><\/a><\/figure><div class=\"elementor-image-box-content\"><h3 class=\"elementor-image-box-title\"><a href=\"https:\/\/autocaresserrano.es\/ca\/transport-dentitats\/\">Entitats<\/a><\/h3><p class=\"elementor-image-box-description\">Entitats esportives i associacions culturals. \n<br><br><a style=\"background:#000;padding: 8px 15px;color:#FFF;font-weight:500;font-size:15px;border-radius:10px\" href=\"https:\/\/autocaresserrano.es\/ca\/transport-dentitats\/\">VEURE M\u00c9S<\/a><\/p><\/div><\/div>\t\t\t\t<\/div>\n\t\t\t\t<\/div>\n\t\t\t\t\t<\/div>\n\t\t<\/div>\n\t\t\t\t<div class=\"elementor-column elementor-col-33 elementor-inner-column elementor-element elementor-element-838587b\" data-id=\"838587b\" data-element_type=\"column\" data-e-type=\"column\">\n\t\t\t<div class=\"elementor-widget-wrap elementor-element-populated\">\n\t\t\t\t\t\t<div class=\"elementor-element elementor-element-5ae460a elementor-position-left elementor-vertical-align-middle elementor-widget elementor-widget-image-box\" data-id=\"5ae460a\" data-element_type=\"widget\" data-e-type=\"widget\" data-widget_type=\"image-box.default\">\n\t\t\t\t<div class=\"elementor-widget-container\">\n\t\t\t\t\t<div class=\"elementor-image-box-wrapper\"><figure class=\"elementor-image-box-img\"><a href=\"https:\/\/autocaresserrano.es\/ca\/transport-turistic\/\" tabindex=\"-1\"><img decoding=\"async\" width=\"150\" height=\"150\" data-src=\"https:\/\/autocaresserrano.es\/wp-content\/uploads\/2023\/05\/transporte-vacacional-150x150.jpg\" class=\"attachment-thumbnail size-thumbnail wp-image-1966 lazyload\" alt=\"Alquiler de autobuses para viajes\" src=\"data:image\/gif;base64,R0lGODlhAQABAAAAACH5BAEKAAEALAAAAAABAAEAAAICTAEAOw==\" style=\"--smush-placeholder-width: 150px; --smush-placeholder-aspect-ratio: 150\/150;\" \/><\/a><\/figure><div class=\"elementor-image-box-content\"><h3 class=\"elementor-image-box-title\"><a href=\"https:\/\/autocaresserrano.es\/ca\/transport-turistic\/\">Turisme<\/a><\/h3><p class=\"elementor-image-box-description\">Transport especialitzat\nper a viatgers.<br><br><br><a style=\"background:#000;padding: 8px 15px;color:#FFF;font-weight:500;font-size:15px;border-radius:10px\" href=\"https:\/\/autocaresserrano.es\/ca\/transport-turistic\/\">VER M\u00c1S<\/a><\/p><\/div><\/div>\t\t\t\t<\/div>\n\t\t\t\t<\/div>\n\t\t\t\t\t<\/div>\n\t\t<\/div>\n\t\t\t\t\t<\/div>\n\t\t<\/section>\n\t\t\t\t\t<\/div>\n\t\t<\/div>\n\t\t\t\t\t<\/div>\n\t\t<\/section>\n\t\t\t\t<\/div>\n\t\t","protected":false},"excerpt":{"rendered":"<p>Transport escolar segur i fiable a Barcelona ESCOLAR Entenem la import\u00e0ncia del transport escolar com un servei essencial per als col\u00b7legis. Per aquest motiu, comptem amb una \u00e0mplia flota d&#8217;autocars i minibusos amb capacitats que van des de 14 fins a 74 places, tots ells complint amb els m\u00e9s alts est\u00e0ndards de seguretat i confort, [&hellip;]<\/p>\n","protected":false},"author":2,"featured_media":0,"parent":0,"menu_order":0,"comment_status":"closed","ping_status":"closed","template":"elementor_header_footer","meta":{"footnotes":""},"class_list":["post-2140","page","type-page","status-publish","hentry"],"yoast_head":"<!-- This site is optimized with the Yoast SEO plugin v25.2 - https:\/\/yoast.com\/wordpress\/plugins\/seo\/ -->\n<title>Transport escolar en Barcelona | Autocares Serrano<\/title>\n<meta name=\"description\" content=\"Entenem la import\u00e0ncia del transport escolar, un servei essencial per a les escoles i comptem amb una flota d&#039;autocars i minibusos.\" \/>\n<meta name=\"robots\" content=\"index, follow, max-snippet:-1, max-image-preview:large, max-video-preview:-1\" \/>\n<link rel=\"canonical\" href=\"https:\/\/autocaresserrano.es\/ca\/transport-escolar\/\" \/>\n<meta property=\"og:locale\" content=\"ca_ES\" \/>\n<meta property=\"og:type\" content=\"article\" \/>\n<meta property=\"og:title\" content=\"Transport escolar en Barcelona | Autocares Serrano\" \/>\n<meta property=\"og:description\" content=\"Entenem la import\u00e0ncia del transport escolar, un servei essencial per a les escoles i comptem amb una flota d&#039;autocars i minibusos.\" \/>\n<meta property=\"og:url\" content=\"https:\/\/autocaresserrano.es\/ca\/transport-escolar\/\" \/>\n<meta property=\"og:site_name\" content=\"Autocares Serrano\" \/>\n<meta property=\"article:modified_time\" content=\"2025-03-07T13:29:01+00:00\" \/>\n<meta property=\"og:image\" content=\"https:\/\/autocaresserrano.es\/wp-content\/uploads\/2023\/04\/transporte-escolar1-e1682594902315.jpg\" \/>\n<meta name=\"twitter:card\" content=\"summary_large_image\" \/>\n<meta name=\"twitter:label1\" content=\"Temps estimat de lectura\" \/>\n\t<meta name=\"twitter:data1\" content=\"2 minuts\" \/>\n<script type=\"application\/ld+json\" class=\"yoast-schema-graph\">{\"@context\":\"https:\/\/schema.org\",\"@graph\":[{\"@type\":\"WebPage\",\"@id\":\"https:\/\/autocaresserrano.es\/ca\/transport-escolar\/\",\"url\":\"https:\/\/autocaresserrano.es\/ca\/transport-escolar\/\",\"name\":\"Transport escolar en Barcelona | Autocares Serrano\",\"isPartOf\":{\"@id\":\"https:\/\/autocaresserrano.es\/ca\/#website\"},\"primaryImageOfPage\":{\"@id\":\"https:\/\/autocaresserrano.es\/ca\/transport-escolar\/#primaryimage\"},\"image\":{\"@id\":\"https:\/\/autocaresserrano.es\/ca\/transport-escolar\/#primaryimage\"},\"thumbnailUrl\":\"https:\/\/autocaresserrano.es\/wp-content\/uploads\/2023\/04\/transporte-escolar1-e1682594902315.jpg\",\"datePublished\":\"2023-04-27T11:21:25+00:00\",\"dateModified\":\"2025-03-07T13:29:01+00:00\",\"description\":\"Entenem la import\u00e0ncia del transport escolar, un servei essencial per a les escoles i comptem amb una flota d'autocars i minibusos.\",\"breadcrumb\":{\"@id\":\"https:\/\/autocaresserrano.es\/ca\/transport-escolar\/#breadcrumb\"},\"inLanguage\":\"ca\",\"potentialAction\":[{\"@type\":\"ReadAction\",\"target\":[\"https:\/\/autocaresserrano.es\/ca\/transport-escolar\/\"]}]},{\"@type\":\"ImageObject\",\"inLanguage\":\"ca\",\"@id\":\"https:\/\/autocaresserrano.es\/ca\/transport-escolar\/#primaryimage\",\"url\":\"https:\/\/autocaresserrano.es\/wp-content\/uploads\/2023\/04\/transporte-escolar1-e1682594902315.jpg\",\"contentUrl\":\"https:\/\/autocaresserrano.es\/wp-content\/uploads\/2023\/04\/transporte-escolar1-e1682594902315.jpg\"},{\"@type\":\"BreadcrumbList\",\"@id\":\"https:\/\/autocaresserrano.es\/ca\/transport-escolar\/#breadcrumb\",\"itemListElement\":[{\"@type\":\"ListItem\",\"position\":1,\"name\":\"Portada\",\"item\":\"https:\/\/autocaresserrano.es\/ca\/inici\/\"},{\"@type\":\"ListItem\",\"position\":2,\"name\":\"Transport escolar\"}]},{\"@type\":\"WebSite\",\"@id\":\"https:\/\/autocaresserrano.es\/ca\/#website\",\"url\":\"https:\/\/autocaresserrano.es\/ca\/\",\"name\":\"Autocares Serrano\",\"description\":\"Otro sitio realizado con WordPress\",\"publisher\":{\"@id\":\"https:\/\/autocaresserrano.es\/ca\/#organization\"},\"potentialAction\":[{\"@type\":\"SearchAction\",\"target\":{\"@type\":\"EntryPoint\",\"urlTemplate\":\"https:\/\/autocaresserrano.es\/ca\/?s={search_term_string}\"},\"query-input\":{\"@type\":\"PropertyValueSpecification\",\"valueRequired\":true,\"valueName\":\"search_term_string\"}}],\"inLanguage\":\"ca\"},{\"@type\":\"Organization\",\"@id\":\"https:\/\/autocaresserrano.es\/ca\/#organization\",\"name\":\"Autocares Serrano\",\"url\":\"https:\/\/autocaresserrano.es\/ca\/\",\"logo\":{\"@type\":\"ImageObject\",\"inLanguage\":\"ca\",\"@id\":\"https:\/\/autocaresserrano.es\/ca\/#\/schema\/logo\/image\/\",\"url\":\"http:\/\/autocares.iditalweb.com\/wp-content\/uploads\/2022\/08\/autocares-serrano-logo.png\",\"contentUrl\":\"http:\/\/autocares.iditalweb.com\/wp-content\/uploads\/2022\/08\/autocares-serrano-logo.png\",\"width\":500,\"height\":345,\"caption\":\"Autocares Serrano\"},\"image\":{\"@id\":\"https:\/\/autocaresserrano.es\/ca\/#\/schema\/logo\/image\/\"}}]}<\/script>\n<!-- \/ Yoast SEO plugin. -->","yoast_head_json":{"title":"Transport escolar en Barcelona | Autocares Serrano","description":"Entenem la import\u00e0ncia del transport escolar, un servei essencial per a les escoles i comptem amb una flota d'autocars i minibusos.","robots":{"index":"index","follow":"follow","max-snippet":"max-snippet:-1","max-image-preview":"max-image-preview:large","max-video-preview":"max-video-preview:-1"},"canonical":"https:\/\/autocaresserrano.es\/ca\/transport-escolar\/","og_locale":"ca_ES","og_type":"article","og_title":"Transport escolar en Barcelona | Autocares Serrano","og_description":"Entenem la import\u00e0ncia del transport escolar, un servei essencial per a les escoles i comptem amb una flota d'autocars i minibusos.","og_url":"https:\/\/autocaresserrano.es\/ca\/transport-escolar\/","og_site_name":"Autocares Serrano","article_modified_time":"2025-03-07T13:29:01+00:00","og_image":[{"url":"https:\/\/autocaresserrano.es\/wp-content\/uploads\/2023\/04\/transporte-escolar1-e1682594902315.jpg","type":"","width":"","height":""}],"twitter_card":"summary_large_image","twitter_misc":{"Temps estimat de lectura":"2 minuts"},"schema":{"@context":"https:\/\/schema.org","@graph":[{"@type":"WebPage","@id":"https:\/\/autocaresserrano.es\/ca\/transport-escolar\/","url":"https:\/\/autocaresserrano.es\/ca\/transport-escolar\/","name":"Transport escolar en Barcelona | Autocares Serrano","isPartOf":{"@id":"https:\/\/autocaresserrano.es\/ca\/#website"},"primaryImageOfPage":{"@id":"https:\/\/autocaresserrano.es\/ca\/transport-escolar\/#primaryimage"},"image":{"@id":"https:\/\/autocaresserrano.es\/ca\/transport-escolar\/#primaryimage"},"thumbnailUrl":"https:\/\/autocaresserrano.es\/wp-content\/uploads\/2023\/04\/transporte-escolar1-e1682594902315.jpg","datePublished":"2023-04-27T11:21:25+00:00","dateModified":"2025-03-07T13:29:01+00:00","description":"Entenem la import\u00e0ncia del transport escolar, un servei essencial per a les escoles i comptem amb una flota d'autocars i minibusos.","breadcrumb":{"@id":"https:\/\/autocaresserrano.es\/ca\/transport-escolar\/#breadcrumb"},"inLanguage":"ca","potentialAction":[{"@type":"ReadAction","target":["https:\/\/autocaresserrano.es\/ca\/transport-escolar\/"]}]},{"@type":"ImageObject","inLanguage":"ca","@id":"https:\/\/autocaresserrano.es\/ca\/transport-escolar\/#primaryimage","url":"https:\/\/autocaresserrano.es\/wp-content\/uploads\/2023\/04\/transporte-escolar1-e1682594902315.jpg","contentUrl":"https:\/\/autocaresserrano.es\/wp-content\/uploads\/2023\/04\/transporte-escolar1-e1682594902315.jpg"},{"@type":"BreadcrumbList","@id":"https:\/\/autocaresserrano.es\/ca\/transport-escolar\/#breadcrumb","itemListElement":[{"@type":"ListItem","position":1,"name":"Portada","item":"https:\/\/autocaresserrano.es\/ca\/inici\/"},{"@type":"ListItem","position":2,"name":"Transport escolar"}]},{"@type":"WebSite","@id":"https:\/\/autocaresserrano.es\/ca\/#website","url":"https:\/\/autocaresserrano.es\/ca\/","name":"Autocares Serrano","description":"Otro sitio realizado con WordPress","publisher":{"@id":"https:\/\/autocaresserrano.es\/ca\/#organization"},"potentialAction":[{"@type":"SearchAction","target":{"@type":"EntryPoint","urlTemplate":"https:\/\/autocaresserrano.es\/ca\/?s={search_term_string}"},"query-input":{"@type":"PropertyValueSpecification","valueRequired":true,"valueName":"search_term_string"}}],"inLanguage":"ca"},{"@type":"Organization","@id":"https:\/\/autocaresserrano.es\/ca\/#organization","name":"Autocares Serrano","url":"https:\/\/autocaresserrano.es\/ca\/","logo":{"@type":"ImageObject","inLanguage":"ca","@id":"https:\/\/autocaresserrano.es\/ca\/#\/schema\/logo\/image\/","url":"http:\/\/autocares.iditalweb.com\/wp-content\/uploads\/2022\/08\/autocares-serrano-logo.png","contentUrl":"http:\/\/autocares.iditalweb.com\/wp-content\/uploads\/2022\/08\/autocares-serrano-logo.png","width":500,"height":345,"caption":"Autocares Serrano"},"image":{"@id":"https:\/\/autocaresserrano.es\/ca\/#\/schema\/logo\/image\/"}}]}},"_links":{"self":[{"href":"https:\/\/autocaresserrano.es\/ca\/wp-json\/wp\/v2\/pages\/2140","targetHints":{"allow":["GET"]}}],"collection":[{"href":"https:\/\/autocaresserrano.es\/ca\/wp-json\/wp\/v2\/pages"}],"about":[{"href":"https:\/\/autocaresserrano.es\/ca\/wp-json\/wp\/v2\/types\/page"}],"author":[{"embeddable":true,"href":"https:\/\/autocaresserrano.es\/ca\/wp-json\/wp\/v2\/users\/2"}],"replies":[{"embeddable":true,"href":"https:\/\/autocaresserrano.es\/ca\/wp-json\/wp\/v2\/comments?post=2140"}],"version-history":[{"count":13,"href":"https:\/\/autocaresserrano.es\/ca\/wp-json\/wp\/v2\/pages\/2140\/revisions"}],"predecessor-version":[{"id":3131,"href":"https:\/\/autocaresserrano.es\/ca\/wp-json\/wp\/v2\/pages\/2140\/revisions\/3131"}],"wp:attachment":[{"href":"https:\/\/autocaresserrano.es\/ca\/wp-json\/wp\/v2\/media?parent=2140"}],"curies":[{"name":"wp","href":"https:\/\/api.w.org\/{rel}","templated":true}]}}