{"id":2142,"date":"2023-04-27T12:36:46","date_gmt":"2023-04-27T11:36:46","guid":{"rendered":"https:\/\/autocaresserrano.es\/transport-dentitats\/"},"modified":"2025-03-07T14:34:19","modified_gmt":"2025-03-07T13:34:19","slug":"transport-dentitats","status":"publish","type":"page","link":"https:\/\/autocaresserrano.es\/ca\/transport-dentitats\/","title":{"rendered":"Transport d&#8217;entitats"},"content":{"rendered":"\t\t<div data-elementor-type=\"wp-page\" data-elementor-id=\"2142\" class=\"elementor elementor-2142 elementor-1757\" data-elementor-post-type=\"page\">\n\t\t\t\t\t\t<section class=\"elementor-section elementor-top-section elementor-element elementor-element-974d870 elementor-section-boxed elementor-section-height-default elementor-section-height-default\" data-id=\"974d870\" data-element_type=\"section\" data-e-type=\"section\">\n\t\t\t\t\t\t<div class=\"elementor-container elementor-column-gap-default\">\n\t\t\t\t\t<div class=\"elementor-column elementor-col-100 elementor-top-column elementor-element elementor-element-8bae8bd\" data-id=\"8bae8bd\" data-element_type=\"column\" data-e-type=\"column\">\n\t\t\t<div class=\"elementor-widget-wrap elementor-element-populated\">\n\t\t\t\t\t\t<div class=\"elementor-element elementor-element-8d2d296 elementor-widget elementor-widget-heading\" data-id=\"8d2d296\" data-element_type=\"widget\" data-e-type=\"widget\" data-widget_type=\"heading.default\">\n\t\t\t\t<div class=\"elementor-widget-container\">\n\t\t\t\t\t<h1 class=\"elementor-heading-title elementor-size-default\">Transport per a entitats privades i esportives<\/h1>\t\t\t\t<\/div>\n\t\t\t\t<\/div>\n\t\t\t\t<div class=\"elementor-element elementor-element-c1f7c7b elementor-widget elementor-widget-heading\" data-id=\"c1f7c7b\" data-element_type=\"widget\" data-e-type=\"widget\" data-widget_type=\"heading.default\">\n\t\t\t\t<div class=\"elementor-widget-container\">\n\t\t\t\t\t<h2 class=\"elementor-heading-title elementor-size-default\">ENTITATS<\/h2>\t\t\t\t<\/div>\n\t\t\t\t<\/div>\n\t\t\t\t<div class=\"elementor-element elementor-element-6639745 elementor-widget elementor-widget-text-editor\" data-id=\"6639745\" data-element_type=\"widget\" data-e-type=\"widget\" data-widget_type=\"text-editor.default\">\n\t\t\t\t<div class=\"elementor-widget-container\">\n\t\t\t\t\t\t\t\t\t<p>Autocars Serrano ofereix la seva experi\u00e8ncia i assessorament a entitats esportives i associacions culturals per a millorar la seva mobilitat en esdeveniments i activitats. Disposem d&#8217;una flota moderna d&#8217;autocars i minibusos que compleixen amb els m\u00e9s alts est\u00e0ndards de confort i seguretat. A m\u00e9s, ens preocupem per la sostenibilitat, i \u00e9s per aix\u00f2 que els nostres vehicles compten amb tecnologia avan\u00e7ada i respectuosa amb el medi ambient, oferint un servei de transport segur, c\u00f2mode i sostenible per a les generacions presents i futures.<\/p>\n<p>&nbsp;Estem preparats per a adaptar-nos a les necessitats espec\u00edfiques de cada Club, Associaci\u00f3, Entitat o Federaci\u00f3.<\/p>\t\t\t\t\t\t\t\t<\/div>\n\t\t\t\t<\/div>\n\t\t\t\t<section class=\"elementor-section elementor-inner-section elementor-element elementor-element-63bb118 elementor-section-boxed elementor-section-height-default elementor-section-height-default\" data-id=\"63bb118\" data-element_type=\"section\" data-e-type=\"section\">\n\t\t\t\t\t\t<div class=\"elementor-container elementor-column-gap-wider\">\n\t\t\t\t\t<div class=\"elementor-column elementor-col-50 elementor-inner-column elementor-element elementor-element-ffe4ebf\" data-id=\"ffe4ebf\" data-element_type=\"column\" data-e-type=\"column\">\n\t\t\t<div class=\"elementor-widget-wrap elementor-element-populated\">\n\t\t\t\t\t\t<div class=\"elementor-element elementor-element-214c8f7 elementor-widget elementor-widget-text-editor\" data-id=\"214c8f7\" data-element_type=\"widget\" data-e-type=\"widget\" data-widget_type=\"text-editor.default\">\n\t\t\t\t<div class=\"elementor-widget-container\">\n\t\t\t\t\t\t\t\t\t<p>El calendari de programaci\u00f3 de <strong>sortides, trasllats i excursions<\/strong> \u00e9s acuradament estudiat per a oferir les solucions t\u00e8cniques i econ\u00f2miques m\u00e9s adequades per al desenvolupament de l&#8217;activitat de cada entitat. Amb pres\u00e8ncia a <strong>Barcelona<\/strong> i <strong>Costa Brava<\/strong> ens trobem ben posicionat per a atendre les necessitats de transport.<\/p>\n<p>El nostre objectiu \u00e9s fer que els seus despla\u00e7aments siguin c\u00f2modes, segurs i eficients, perqu\u00e8 puguin centrar-se a gaudir de la seva activitat al m\u00e0xim. Contacti amb nosaltres per a obtenir m\u00e9s informaci\u00f3 sobre els nostres serveis i tarifes.<\/p>\n\t\t\t\t\t\t\t\t<\/div>\n\t\t\t\t<\/div>\n\t\t\t\t<div data-dce-background-color=\"#B10F33\" class=\"elementor-element elementor-element-626c197 elementor-widget elementor-widget-button\" data-id=\"626c197\" data-element_type=\"widget\" data-e-type=\"widget\" data-widget_type=\"button.default\">\n\t\t\t\t<div class=\"elementor-widget-container\">\n\t\t\t\t\t\t\t\t\t<div class=\"elementor-button-wrapper\">\n\t\t\t\t\t<a class=\"elementor-button elementor-button-link elementor-size-sm\" href=\"\/#presupuesto\">\n\t\t\t\t\t\t<span class=\"elementor-button-content-wrapper\">\n\t\t\t\t\t\t\t\t\t<span class=\"elementor-button-text\">SOL\u00b7LICITA PRESSUPOST<\/span>\n\t\t\t\t\t<\/span>\n\t\t\t\t\t<\/a>\n\t\t\t\t<\/div>\n\t\t\t\t\t\t\t\t<\/div>\n\t\t\t\t<\/div>\n\t\t\t\t\t<\/div>\n\t\t<\/div>\n\t\t\t\t<div class=\"elementor-column elementor-col-50 elementor-inner-column elementor-element elementor-element-a2567fc\" data-id=\"a2567fc\" data-element_type=\"column\" data-e-type=\"column\">\n\t\t\t<div class=\"elementor-widget-wrap elementor-element-populated\">\n\t\t\t\t\t\t<div class=\"elementor-element elementor-element-d45bb02 elementor-widget elementor-widget-image\" data-id=\"d45bb02\" data-element_type=\"widget\" data-e-type=\"widget\" data-widget_type=\"image.default\">\n\t\t\t\t<div class=\"elementor-widget-container\">\n\t\t\t\t\t\t\t\t\t\t\t\t\t\t\t<img fetchpriority=\"high\" decoding=\"async\" width=\"900\" height=\"506\" src=\"https:\/\/autocaresserrano.es\/wp-content\/uploads\/2023\/05\/transporte-autobus-entidades.jpg\" class=\"attachment-full size-full wp-image-2181\" alt=\"Transporte entidades\" srcset=\"https:\/\/autocaresserrano.es\/wp-content\/uploads\/2023\/05\/transporte-autobus-entidades.jpg 900w, https:\/\/autocaresserrano.es\/wp-content\/uploads\/2023\/05\/transporte-autobus-entidades-300x169.jpg 300w, https:\/\/autocaresserrano.es\/wp-content\/uploads\/2023\/05\/transporte-autobus-entidades-768x432.jpg 768w\" sizes=\"(max-width: 900px) 100vw, 900px\" \/>\t\t\t\t\t\t\t\t\t\t\t\t\t\t\t<\/div>\n\t\t\t\t<\/div>\n\t\t\t\t\t<\/div>\n\t\t<\/div>\n\t\t\t\t\t<\/div>\n\t\t<\/section>\n\t\t\t\t\t<\/div>\n\t\t<\/div>\n\t\t\t\t\t<\/div>\n\t\t<\/section>\n\t\t\t\t<section data-dce-background-color=\"#F5F5F5\" class=\"elementor-section elementor-top-section elementor-element elementor-element-b3b1fbc elementor-section-full_width elementor-section-height-default elementor-section-height-default\" data-id=\"b3b1fbc\" data-element_type=\"section\" data-e-type=\"section\" data-settings=\"{&quot;background_background&quot;:&quot;classic&quot;}\">\n\t\t\t\t\t\t<div class=\"elementor-container elementor-column-gap-default\">\n\t\t\t\t\t<div class=\"elementor-column elementor-col-100 elementor-top-column elementor-element elementor-element-47665de\" data-id=\"47665de\" data-element_type=\"column\" data-e-type=\"column\">\n\t\t\t<div class=\"elementor-widget-wrap elementor-element-populated\">\n\t\t\t\t\t\t<section class=\"elementor-section elementor-inner-section elementor-element elementor-element-a59bf8a elementor-section-boxed elementor-section-height-default elementor-section-height-default\" data-id=\"a59bf8a\" data-element_type=\"section\" data-e-type=\"section\">\n\t\t\t\t\t\t<div class=\"elementor-container elementor-column-gap-default\">\n\t\t\t\t\t<div class=\"elementor-column elementor-col-33 elementor-inner-column elementor-element elementor-element-1af2adf\" data-id=\"1af2adf\" data-element_type=\"column\" data-e-type=\"column\">\n\t\t\t<div class=\"elementor-widget-wrap elementor-element-populated\">\n\t\t\t\t\t\t<div class=\"elementor-element elementor-element-8fccfa6 elementor-widget elementor-widget-text-editor\" data-id=\"8fccfa6\" data-element_type=\"widget\" data-e-type=\"widget\" data-widget_type=\"text-editor.default\">\n\t\t\t\t<div class=\"elementor-widget-container\">\n\t\t\t\t\t\t\t\t\t<p>\/ALTRES SERVEIS<\/p>\n\t\t\t\t\t\t\t\t<\/div>\n\t\t\t\t<\/div>\n\t\t\t\t<div class=\"elementor-element elementor-element-a58b006 elementor-position-left elementor-vertical-align-middle elementor-widget elementor-widget-image-box\" data-id=\"a58b006\" data-element_type=\"widget\" data-e-type=\"widget\" data-widget_type=\"image-box.default\">\n\t\t\t\t<div class=\"elementor-widget-container\">\n\t\t\t\t\t<div class=\"elementor-image-box-wrapper\"><figure class=\"elementor-image-box-img\"><a href=\"https:\/\/autocaresserrano.es\/ca\/transport-escolar\/\" tabindex=\"-1\"><img decoding=\"async\" width=\"150\" height=\"150\" data-src=\"https:\/\/autocaresserrano.es\/wp-content\/uploads\/2023\/04\/transporte-escolar1-150x150.jpg\" class=\"attachment-thumbnail size-thumbnail wp-image-1743 lazyload\" alt=\"Autocares para transporte escolar\" src=\"data:image\/gif;base64,R0lGODlhAQABAAAAACH5BAEKAAEALAAAAAABAAEAAAICTAEAOw==\" style=\"--smush-placeholder-width: 150px; --smush-placeholder-aspect-ratio: 150\/150;\" \/><\/a><\/figure><div class=\"elementor-image-box-content\"><h3 class=\"elementor-image-box-title\"><a href=\"https:\/\/autocaresserrano.es\/ca\/transport-escolar\/\">Escolar<\/a><\/h3><p class=\"elementor-image-box-description\">Servicio esencial para \ntransporte de colegios.<br><br><br><a style=\"background:#000;padding: 8px 15px;color:#FFF;font-weight:500;font-size:15px;border-radius:10px\" href=\"https:\/\/autocaresserrano.es\/ca\/transport-escolar\/\">VER M\u00c1S<\/a><\/p><\/div><\/div>\t\t\t\t<\/div>\n\t\t\t\t<\/div>\n\t\t\t\t\t<\/div>\n\t\t<\/div>\n\t\t\t\t<div class=\"elementor-column elementor-col-33 elementor-inner-column elementor-element elementor-element-1903e06\" data-id=\"1903e06\" data-element_type=\"column\" data-e-type=\"column\">\n\t\t\t<div class=\"elementor-widget-wrap elementor-element-populated\">\n\t\t\t\t\t\t<div class=\"elementor-element elementor-element-ff38b74 elementor-position-left elementor-vertical-align-middle elementor-widget elementor-widget-image-box\" data-id=\"ff38b74\" data-element_type=\"widget\" data-e-type=\"widget\" data-widget_type=\"image-box.default\">\n\t\t\t\t<div class=\"elementor-widget-container\">\n\t\t\t\t\t<div class=\"elementor-image-box-wrapper\"><figure class=\"elementor-image-box-img\"><a href=\"https:\/\/autocaresserrano.es\/ca\/transport-escolar\/\" tabindex=\"-1\"><img decoding=\"async\" width=\"150\" height=\"150\" data-src=\"https:\/\/autocaresserrano.es\/wp-content\/uploads\/2023\/04\/transporte-congresos-150x150.jpg\" class=\"attachment-thumbnail size-thumbnail wp-image-1752 lazyload\" alt=\"Autocares para transporte a congresos e incentivos\" src=\"data:image\/gif;base64,R0lGODlhAQABAAAAACH5BAEKAAEALAAAAAABAAEAAAICTAEAOw==\" style=\"--smush-placeholder-width: 150px; --smush-placeholder-aspect-ratio: 150\/150;\" \/><\/a><\/figure><div class=\"elementor-image-box-content\"><h3 class=\"elementor-image-box-title\"><a href=\"https:\/\/autocaresserrano.es\/ca\/transport-escolar\/\">Congressos i incentius<\/a><\/h3><p class=\"elementor-image-box-description\">Trasllat d'assistents a\nrecintes firals.<br><br><br><a style=\"background:#000;padding: 8px 15px;color:#FFF;font-weight:500;font-size:15px;border-radius:10px\" href=\"https:\/\/autocaresserrano.es\/ca\/congressos-i-incentius\/\">VER M\u00c1S<\/a><\/p><\/div><\/div>\t\t\t\t<\/div>\n\t\t\t\t<\/div>\n\t\t\t\t\t<\/div>\n\t\t<\/div>\n\t\t\t\t<div class=\"elementor-column elementor-col-33 elementor-inner-column elementor-element elementor-element-4ca8c2c\" data-id=\"4ca8c2c\" data-element_type=\"column\" data-e-type=\"column\">\n\t\t\t<div class=\"elementor-widget-wrap elementor-element-populated\">\n\t\t\t\t\t\t<div class=\"elementor-element elementor-element-ea3bb32 elementor-position-left elementor-vertical-align-middle elementor-widget elementor-widget-image-box\" data-id=\"ea3bb32\" data-element_type=\"widget\" data-e-type=\"widget\" data-widget_type=\"image-box.default\">\n\t\t\t\t<div class=\"elementor-widget-container\">\n\t\t\t\t\t<div class=\"elementor-image-box-wrapper\"><figure class=\"elementor-image-box-img\"><a href=\"https:\/\/autocaresserrano.es\/ca\/transport-turistic\/\" tabindex=\"-1\"><img decoding=\"async\" width=\"150\" height=\"150\" data-src=\"https:\/\/autocaresserrano.es\/wp-content\/uploads\/2023\/05\/transporte-vacacional-150x150.jpg\" class=\"attachment-thumbnail size-thumbnail wp-image-1966 lazyload\" alt=\"Alquiler de autobuses para viajes\" src=\"data:image\/gif;base64,R0lGODlhAQABAAAAACH5BAEKAAEALAAAAAABAAEAAAICTAEAOw==\" style=\"--smush-placeholder-width: 150px; --smush-placeholder-aspect-ratio: 150\/150;\" \/><\/a><\/figure><div class=\"elementor-image-box-content\"><h3 class=\"elementor-image-box-title\"><a href=\"https:\/\/autocaresserrano.es\/ca\/transport-turistic\/\">Turisme<\/a><\/h3><p class=\"elementor-image-box-description\">Transport especialitzat\nper a viatgers.<br><br><br><a style=\"background:#000;padding: 8px 15px;color:#FFF;font-weight:500;font-size:15px;border-radius:10px\" href=\"https:\/\/autocaresserrano.es\/ca\/transport-turistic\/\">VER M\u00c1S<\/a><\/p><\/div><\/div>\t\t\t\t<\/div>\n\t\t\t\t<\/div>\n\t\t\t\t\t<\/div>\n\t\t<\/div>\n\t\t\t\t\t<\/div>\n\t\t<\/section>\n\t\t\t\t\t<\/div>\n\t\t<\/div>\n\t\t\t\t\t<\/div>\n\t\t<\/section>\n\t\t\t\t<\/div>\n\t\t","protected":false},"excerpt":{"rendered":"<p>Transport per a entitats privades i esportives ENTITATS Autocars Serrano ofereix la seva experi\u00e8ncia i assessorament a entitats esportives i associacions culturals per a millorar la seva mobilitat en esdeveniments i activitats. Disposem d&#8217;una flota moderna d&#8217;autocars i minibusos que compleixen amb els m\u00e9s alts est\u00e0ndards de confort i seguretat. A m\u00e9s, ens preocupem per [&hellip;]<\/p>\n","protected":false},"author":2,"featured_media":0,"parent":0,"menu_order":0,"comment_status":"closed","ping_status":"closed","template":"elementor_header_footer","meta":{"footnotes":""},"class_list":["post-2142","page","type-page","status-publish","hentry"],"yoast_head":"<!-- This site is optimized with the Yoast SEO plugin v25.2 - https:\/\/yoast.com\/wordpress\/plugins\/seo\/ -->\n<title>Transport d&#039;entitats | Autocares Serrano<\/title>\n<meta name=\"description\" content=\"Transport d&#039;entitats esportives i associacions culturals per millorar-ne la mobilitat en esdeveniments i activitats.\" \/>\n<meta name=\"robots\" content=\"index, follow, max-snippet:-1, max-image-preview:large, max-video-preview:-1\" \/>\n<link rel=\"canonical\" href=\"https:\/\/autocaresserrano.es\/ca\/transport-dentitats\/\" \/>\n<meta property=\"og:locale\" content=\"ca_ES\" \/>\n<meta property=\"og:type\" content=\"article\" \/>\n<meta property=\"og:title\" content=\"Transport d&#039;entitats | Autocares Serrano\" \/>\n<meta property=\"og:description\" content=\"Transport d&#039;entitats esportives i associacions culturals per millorar-ne la mobilitat en esdeveniments i activitats.\" \/>\n<meta property=\"og:url\" content=\"https:\/\/autocaresserrano.es\/ca\/transport-dentitats\/\" \/>\n<meta property=\"og:site_name\" content=\"Autocares Serrano\" \/>\n<meta property=\"article:modified_time\" content=\"2025-03-07T13:34:19+00:00\" \/>\n<meta property=\"og:image\" content=\"https:\/\/autocaresserrano.es\/wp-content\/uploads\/2023\/05\/transporte-autobus-entidades.jpg\" \/>\n\t<meta property=\"og:image:width\" content=\"900\" \/>\n\t<meta property=\"og:image:height\" content=\"506\" \/>\n\t<meta property=\"og:image:type\" content=\"image\/jpeg\" \/>\n<meta name=\"twitter:card\" content=\"summary_large_image\" \/>\n<meta name=\"twitter:label1\" content=\"Temps estimat de lectura\" \/>\n\t<meta name=\"twitter:data1\" content=\"2 minuts\" \/>\n<script type=\"application\/ld+json\" class=\"yoast-schema-graph\">{\"@context\":\"https:\/\/schema.org\",\"@graph\":[{\"@type\":\"WebPage\",\"@id\":\"https:\/\/autocaresserrano.es\/ca\/transport-dentitats\/\",\"url\":\"https:\/\/autocaresserrano.es\/ca\/transport-dentitats\/\",\"name\":\"Transport d'entitats | Autocares Serrano\",\"isPartOf\":{\"@id\":\"https:\/\/autocaresserrano.es\/ca\/#website\"},\"primaryImageOfPage\":{\"@id\":\"https:\/\/autocaresserrano.es\/ca\/transport-dentitats\/#primaryimage\"},\"image\":{\"@id\":\"https:\/\/autocaresserrano.es\/ca\/transport-dentitats\/#primaryimage\"},\"thumbnailUrl\":\"https:\/\/autocaresserrano.es\/wp-content\/uploads\/2023\/05\/transporte-autobus-entidades.jpg\",\"datePublished\":\"2023-04-27T11:36:46+00:00\",\"dateModified\":\"2025-03-07T13:34:19+00:00\",\"description\":\"Transport d'entitats esportives i associacions culturals per millorar-ne la mobilitat en esdeveniments i activitats.\",\"breadcrumb\":{\"@id\":\"https:\/\/autocaresserrano.es\/ca\/transport-dentitats\/#breadcrumb\"},\"inLanguage\":\"ca\",\"potentialAction\":[{\"@type\":\"ReadAction\",\"target\":[\"https:\/\/autocaresserrano.es\/ca\/transport-dentitats\/\"]}]},{\"@type\":\"ImageObject\",\"inLanguage\":\"ca\",\"@id\":\"https:\/\/autocaresserrano.es\/ca\/transport-dentitats\/#primaryimage\",\"url\":\"https:\/\/autocaresserrano.es\/wp-content\/uploads\/2023\/05\/transporte-autobus-entidades.jpg\",\"contentUrl\":\"https:\/\/autocaresserrano.es\/wp-content\/uploads\/2023\/05\/transporte-autobus-entidades.jpg\"},{\"@type\":\"BreadcrumbList\",\"@id\":\"https:\/\/autocaresserrano.es\/ca\/transport-dentitats\/#breadcrumb\",\"itemListElement\":[{\"@type\":\"ListItem\",\"position\":1,\"name\":\"Portada\",\"item\":\"https:\/\/autocaresserrano.es\/ca\/inici\/\"},{\"@type\":\"ListItem\",\"position\":2,\"name\":\"Transport d&#8217;entitats\"}]},{\"@type\":\"WebSite\",\"@id\":\"https:\/\/autocaresserrano.es\/ca\/#website\",\"url\":\"https:\/\/autocaresserrano.es\/ca\/\",\"name\":\"Autocares Serrano\",\"description\":\"Otro sitio realizado con WordPress\",\"publisher\":{\"@id\":\"https:\/\/autocaresserrano.es\/ca\/#organization\"},\"potentialAction\":[{\"@type\":\"SearchAction\",\"target\":{\"@type\":\"EntryPoint\",\"urlTemplate\":\"https:\/\/autocaresserrano.es\/ca\/?s={search_term_string}\"},\"query-input\":{\"@type\":\"PropertyValueSpecification\",\"valueRequired\":true,\"valueName\":\"search_term_string\"}}],\"inLanguage\":\"ca\"},{\"@type\":\"Organization\",\"@id\":\"https:\/\/autocaresserrano.es\/ca\/#organization\",\"name\":\"Autocares Serrano\",\"url\":\"https:\/\/autocaresserrano.es\/ca\/\",\"logo\":{\"@type\":\"ImageObject\",\"inLanguage\":\"ca\",\"@id\":\"https:\/\/autocaresserrano.es\/ca\/#\/schema\/logo\/image\/\",\"url\":\"http:\/\/autocares.iditalweb.com\/wp-content\/uploads\/2022\/08\/autocares-serrano-logo.png\",\"contentUrl\":\"http:\/\/autocares.iditalweb.com\/wp-content\/uploads\/2022\/08\/autocares-serrano-logo.png\",\"width\":500,\"height\":345,\"caption\":\"Autocares Serrano\"},\"image\":{\"@id\":\"https:\/\/autocaresserrano.es\/ca\/#\/schema\/logo\/image\/\"}}]}<\/script>\n<!-- \/ Yoast SEO plugin. -->","yoast_head_json":{"title":"Transport d'entitats | Autocares Serrano","description":"Transport d'entitats esportives i associacions culturals per millorar-ne la mobilitat en esdeveniments i activitats.","robots":{"index":"index","follow":"follow","max-snippet":"max-snippet:-1","max-image-preview":"max-image-preview:large","max-video-preview":"max-video-preview:-1"},"canonical":"https:\/\/autocaresserrano.es\/ca\/transport-dentitats\/","og_locale":"ca_ES","og_type":"article","og_title":"Transport d'entitats | Autocares Serrano","og_description":"Transport d'entitats esportives i associacions culturals per millorar-ne la mobilitat en esdeveniments i activitats.","og_url":"https:\/\/autocaresserrano.es\/ca\/transport-dentitats\/","og_site_name":"Autocares Serrano","article_modified_time":"2025-03-07T13:34:19+00:00","og_image":[{"width":900,"height":506,"url":"https:\/\/autocaresserrano.es\/wp-content\/uploads\/2023\/05\/transporte-autobus-entidades.jpg","type":"image\/jpeg"}],"twitter_card":"summary_large_image","twitter_misc":{"Temps estimat de lectura":"2 minuts"},"schema":{"@context":"https:\/\/schema.org","@graph":[{"@type":"WebPage","@id":"https:\/\/autocaresserrano.es\/ca\/transport-dentitats\/","url":"https:\/\/autocaresserrano.es\/ca\/transport-dentitats\/","name":"Transport d'entitats | Autocares Serrano","isPartOf":{"@id":"https:\/\/autocaresserrano.es\/ca\/#website"},"primaryImageOfPage":{"@id":"https:\/\/autocaresserrano.es\/ca\/transport-dentitats\/#primaryimage"},"image":{"@id":"https:\/\/autocaresserrano.es\/ca\/transport-dentitats\/#primaryimage"},"thumbnailUrl":"https:\/\/autocaresserrano.es\/wp-content\/uploads\/2023\/05\/transporte-autobus-entidades.jpg","datePublished":"2023-04-27T11:36:46+00:00","dateModified":"2025-03-07T13:34:19+00:00","description":"Transport d'entitats esportives i associacions culturals per millorar-ne la mobilitat en esdeveniments i activitats.","breadcrumb":{"@id":"https:\/\/autocaresserrano.es\/ca\/transport-dentitats\/#breadcrumb"},"inLanguage":"ca","potentialAction":[{"@type":"ReadAction","target":["https:\/\/autocaresserrano.es\/ca\/transport-dentitats\/"]}]},{"@type":"ImageObject","inLanguage":"ca","@id":"https:\/\/autocaresserrano.es\/ca\/transport-dentitats\/#primaryimage","url":"https:\/\/autocaresserrano.es\/wp-content\/uploads\/2023\/05\/transporte-autobus-entidades.jpg","contentUrl":"https:\/\/autocaresserrano.es\/wp-content\/uploads\/2023\/05\/transporte-autobus-entidades.jpg"},{"@type":"BreadcrumbList","@id":"https:\/\/autocaresserrano.es\/ca\/transport-dentitats\/#breadcrumb","itemListElement":[{"@type":"ListItem","position":1,"name":"Portada","item":"https:\/\/autocaresserrano.es\/ca\/inici\/"},{"@type":"ListItem","position":2,"name":"Transport d&#8217;entitats"}]},{"@type":"WebSite","@id":"https:\/\/autocaresserrano.es\/ca\/#website","url":"https:\/\/autocaresserrano.es\/ca\/","name":"Autocares Serrano","description":"Otro sitio realizado con WordPress","publisher":{"@id":"https:\/\/autocaresserrano.es\/ca\/#organization"},"potentialAction":[{"@type":"SearchAction","target":{"@type":"EntryPoint","urlTemplate":"https:\/\/autocaresserrano.es\/ca\/?s={search_term_string}"},"query-input":{"@type":"PropertyValueSpecification","valueRequired":true,"valueName":"search_term_string"}}],"inLanguage":"ca"},{"@type":"Organization","@id":"https:\/\/autocaresserrano.es\/ca\/#organization","name":"Autocares Serrano","url":"https:\/\/autocaresserrano.es\/ca\/","logo":{"@type":"ImageObject","inLanguage":"ca","@id":"https:\/\/autocaresserrano.es\/ca\/#\/schema\/logo\/image\/","url":"http:\/\/autocares.iditalweb.com\/wp-content\/uploads\/2022\/08\/autocares-serrano-logo.png","contentUrl":"http:\/\/autocares.iditalweb.com\/wp-content\/uploads\/2022\/08\/autocares-serrano-logo.png","width":500,"height":345,"caption":"Autocares Serrano"},"image":{"@id":"https:\/\/autocaresserrano.es\/ca\/#\/schema\/logo\/image\/"}}]}},"_links":{"self":[{"href":"https:\/\/autocaresserrano.es\/ca\/wp-json\/wp\/v2\/pages\/2142","targetHints":{"allow":["GET"]}}],"collection":[{"href":"https:\/\/autocaresserrano.es\/ca\/wp-json\/wp\/v2\/pages"}],"about":[{"href":"https:\/\/autocaresserrano.es\/ca\/wp-json\/wp\/v2\/types\/page"}],"author":[{"embeddable":true,"href":"https:\/\/autocaresserrano.es\/ca\/wp-json\/wp\/v2\/users\/2"}],"replies":[{"embeddable":true,"href":"https:\/\/autocaresserrano.es\/ca\/wp-json\/wp\/v2\/comments?post=2142"}],"version-history":[{"count":17,"href":"https:\/\/autocaresserrano.es\/ca\/wp-json\/wp\/v2\/pages\/2142\/revisions"}],"predecessor-version":[{"id":3138,"href":"https:\/\/autocaresserrano.es\/ca\/wp-json\/wp\/v2\/pages\/2142\/revisions\/3138"}],"wp:attachment":[{"href":"https:\/\/autocaresserrano.es\/ca\/wp-json\/wp\/v2\/media?parent=2142"}],"curies":[{"name":"wp","href":"https:\/\/api.w.org\/{rel}","templated":true}]}}